{"id":3406,"date":"2023-04-28T13:40:26","date_gmt":"2023-04-28T13:40:26","guid":{"rendered":"https:\/\/christian-tetzlaff.de\/diskografie\/"},"modified":"2023-05-26T08:15:03","modified_gmt":"2023-05-26T08:15:03","slug":"discography","status":"publish","type":"page","link":"https:\/\/christian-tetzlaff.de\/en\/discography\/","title":{"rendered":"Discography"},"content":{"rendered":"<div class=\"fusion-fullwidth fullwidth-box fusion-builder-row-1 fusion-flex-container has-pattern-background has-mask-background nonhundred-percent-fullwidth non-hundred-percent-height-scrolling\" style=\"--awb-border-radius-top-left:0px;--awb-border-radius-top-right:0px;--awb-border-radius-bottom-right:0px;--awb-border-radius-bottom-left:0px;--awb-flex-wrap:wrap;\" ><div class=\"fusion-builder-row fusion-row fusion-flex-align-items-flex-start fusion-flex-content-wrap\" style=\"max-width:1872px;margin-left: calc(-4% \/ 2 );margin-right: calc(-4% \/ 2 );\"><div class=\"fusion-layout-column fusion_builder_column fusion-builder-column-0 fusion_builder_column_1_1 1_1 fusion-flex-column\" style=\"--awb-bg-size:cover;--awb-width-large:100%;--awb-margin-top-large:0px;--awb-spacing-right-large:1.92%;--awb-margin-bottom-large:20px;--awb-spacing-left-large:1.92%;--awb-width-medium:100%;--awb-order-medium:0;--awb-spacing-right-medium:1.92%;--awb-spacing-left-medium:1.92%;--awb-width-small:100%;--awb-order-small:0;--awb-spacing-right-small:1.92%;--awb-spacing-left-small:1.92%;\" data-scroll-devices=\"small-visibility,medium-visibility,large-visibility\"><div class=\"fusion-column-wrapper fusion-column-has-shadow fusion-flex-justify-content-flex-start fusion-content-layout-column\"><style type=\"text\/css\">.fusion-portfolio-wrapper#fusion-portfolio-1 .fusion-portfolio-content{  text-align: left; }<\/style><div class=\"fusion-recent-works fusion-portfolio-element fusion-portfolio fusion-portfolio-1 fusion-portfolio-grid fusion-portfolio-paging-pagination fusion-portfolio-two fusion-portfolio-unboxed fusion-portfolio-text fusion-portfolio-equal-heights\" data-id=\"-rw-1\" data-columns=\"two\"><div><ul class=\"fusion-filters\" role=\"menu\" aria-label=\"Portfolio Filters\"><li role=\"presentation\" class=\"fusion-filter fusion-filter-all fusion-active\"><a href=\"#\" data-filter=\"*\" role=\"menuitem\">All<\/a><\/li><li role=\"presentation\" class=\"fusion-filter fusion-hidden\"><a href=\"#\" data-filter=\".bach\" role=\"menuitem\">Bach<\/a><\/li><li role=\"presentation\" class=\"fusion-filter fusion-hidden\"><a href=\"#\" data-filter=\".bartok\" role=\"menuitem\">Bart\u00f3k<\/a><\/li><li role=\"presentation\" class=\"fusion-filter fusion-hidden\"><a href=\"#\" data-filter=\".beethoven\" role=\"menuitem\">Beethoven<\/a><\/li><li role=\"presentation\" class=\"fusion-filter fusion-hidden\"><a href=\"#\" data-filter=\".berg\" role=\"menuitem\">Berg<\/a><\/li><li role=\"presentation\" class=\"fusion-filter fusion-hidden\"><a href=\"#\" data-filter=\".brahms\" role=\"menuitem\">Brahms<\/a><\/li><li role=\"presentation\" class=\"fusion-filter fusion-hidden\"><a href=\"#\" data-filter=\".debussy\" role=\"menuitem\">Debussy<\/a><\/li><li role=\"presentation\" class=\"fusion-filter fusion-hidden\"><a href=\"#\" data-filter=\".dutilleux\" role=\"menuitem\">Dutilleux<\/a><\/li><li role=\"presentation\" class=\"fusion-filter fusion-hidden\"><a href=\"#\" data-filter=\".dvorak\" role=\"menuitem\">Dvo\u0159\u00e1k<\/a><\/li><li role=\"presentation\" class=\"fusion-filter fusion-hidden\"><a href=\"#\" data-filter=\".haydn\" role=\"menuitem\">Haydn<\/a><\/li><li role=\"presentation\" class=\"fusion-filter fusion-hidden\"><a href=\"#\" data-filter=\".janacek\" role=\"menuitem\">Janacek<\/a><\/li><li role=\"presentation\" class=\"fusion-filter fusion-hidden\"><a href=\"#\" data-filter=\".joachim\" role=\"menuitem\">Joachim<\/a><\/li><li role=\"presentation\" class=\"fusion-filter fusion-hidden\"><a href=\"#\" data-filter=\".lutoslawski\" role=\"menuitem\">Lutoslawski<\/a><\/li><li role=\"presentation\" class=\"fusion-filter fusion-hidden\"><a href=\"#\" data-filter=\".mahler\" role=\"menuitem\">Mahler<\/a><\/li><li role=\"presentation\" class=\"fusion-filter fusion-hidden\"><a href=\"#\" data-filter=\".mendelssohn\" role=\"menuitem\">Mendelssohn<\/a><\/li><li role=\"presentation\" class=\"fusion-filter fusion-hidden\"><a href=\"#\" data-filter=\".montalbetti\" role=\"menuitem\">Montalbetti<\/a><\/li><li role=\"presentation\" class=\"fusion-filter fusion-hidden\"><a href=\"#\" data-filter=\".mozart\" role=\"menuitem\">Mozart<\/a><\/li><li role=\"presentation\" class=\"fusion-filter fusion-hidden\"><a href=\"#\" data-filter=\".nielsen\" role=\"menuitem\">Nielsen<\/a><\/li><li role=\"presentation\" class=\"fusion-filter fusion-hidden\"><a href=\"#\" data-filter=\".ravel\" role=\"menuitem\">Ravel<\/a><\/li><li role=\"presentation\" class=\"fusion-filter fusion-hidden\"><a href=\"#\" data-filter=\".ronnefeld\" role=\"menuitem\">Ronnefeld<\/a><\/li><li role=\"presentation\" class=\"fusion-filter fusion-hidden\"><a href=\"#\" data-filter=\".schoenberg\" role=\"menuitem\">Sch\u00f6nberg<\/a><\/li><li role=\"presentation\" class=\"fusion-filter fusion-hidden\"><a href=\"#\" data-filter=\".schubert\" role=\"menuitem\">Schubert<\/a><\/li><li role=\"presentation\" class=\"fusion-filter fusion-hidden\"><a href=\"#\" data-filter=\".schumann\" role=\"menuitem\">Schumann<\/a><\/li><li role=\"presentation\" class=\"fusion-filter fusion-hidden\"><a href=\"#\" data-filter=\".shostakovich\" role=\"menuitem\">Shostakovich<\/a><\/li><li role=\"presentation\" class=\"fusion-filter fusion-hidden\"><a href=\"#\" data-filter=\".sibelius\" role=\"menuitem\">Sibelius<\/a><\/li><li role=\"presentation\" class=\"fusion-filter fusion-hidden\"><a href=\"#\" data-filter=\".suk\" role=\"menuitem\">Suk<\/a><\/li><li role=\"presentation\" class=\"fusion-filter fusion-hidden\"><a href=\"#\" data-filter=\".szymanowski\" role=\"menuitem\">Szymanowski<\/a><\/li><li role=\"presentation\" class=\"fusion-filter fusion-hidden\"><a href=\"#\" data-filter=\".tchaikovsky\" role=\"menuitem\">Tchaikovsky<\/a><\/li><\/ul><\/div><style type=\"text\/css\">.fusion-portfolio-1 .fusion-portfolio-wrapper .fusion-col-spacing{padding:12.5px;}<\/style><div class=\"fusion-portfolio-wrapper\" id=\"fusion-portfolio-1\" data-picturesize=\"auto\" data-pages=\"0\" style=\"margin:-12.5px;\"><article id=\"portfolio-1-post-3988\" class=\"fusion-portfolio-post brahms fusion-col-spacing post-3988\"><div class=\"fusion-portfolio-content-wrapper\" style=\"border:none;\"><span class=\"vcard rich-snippet-hidden\"><span class=\"fn\"><a href=\"https:\/\/christian-tetzlaff.de\/en\/author\/silke-musfeldt\/\" title=\"Posts by Silke Musfeldt\" rel=\"author\">Silke Musfeldt<\/a><\/span><\/span><span class=\"updated rich-snippet-hidden\">2024-09-03T10:44:21+00:00<\/span><div  class=\"fusion-image-wrapper\" aria-haspopup=\"true\">\n\t\t\t\t\t\t\t<a href=\"https:\/\/christian-tetzlaff.de\/en\/portfolio-items\/brahms-4\/\" aria-label=\"Brahms\">\n\t\t\t\t\t\t\t<img decoding=\"async\" width=\"1200\" height=\"1200\" src=\"https:\/\/christian-tetzlaff.de\/wp-content\/uploads\/2024\/09\/202409_Brahms-Klavierquartette-1.jpg\" class=\"attachment-full size-full lazyload wp-post-image\" alt=\"\" srcset=\"data:image\/svg+xml,%3Csvg%20xmlns%3D%27http%3A%2F%2Fwww.w3.org%2F2000%2Fsvg%27%20width%3D%271200%27%20height%3D%271200%27%20viewBox%3D%270%200%201200%201200%27%3E%3Crect%20width%3D%271200%27%20height%3D%271200%27%20fill-opacity%3D%220%22%2F%3E%3C%2Fsvg%3E\" data-orig-src=\"https:\/\/christian-tetzlaff.de\/wp-content\/uploads\/2024\/09\/202409_Brahms-Klavierquartette-1.jpg\" data-srcset=\"https:\/\/christian-tetzlaff.de\/wp-content\/uploads\/2024\/09\/202409_Brahms-Klavierquartette-1-200x200.jpg 200w, https:\/\/christian-tetzlaff.de\/wp-content\/uploads\/2024\/09\/202409_Brahms-Klavierquartette-1-400x400.jpg 400w, https:\/\/christian-tetzlaff.de\/wp-content\/uploads\/2024\/09\/202409_Brahms-Klavierquartette-1-600x600.jpg 600w, https:\/\/christian-tetzlaff.de\/wp-content\/uploads\/2024\/09\/202409_Brahms-Klavierquartette-1-800x800.jpg 800w, https:\/\/christian-tetzlaff.de\/wp-content\/uploads\/2024\/09\/202409_Brahms-Klavierquartette-1.jpg 1200w\" data-sizes=\"auto\" \/>\t\t\t<\/a>\n\t\t\t\t\t\t\t<\/div>\n<div class=\"fusion-portfolio-content\"><h2 class=\"entry-title fusion-post-title\"><a href=\"https:\/\/christian-tetzlaff.de\/en\/portfolio-items\/brahms-4\/\">Brahms<\/a><\/h2><div class=\"fusion-post-content\"><p>Piano Quartets Nos. 2 &amp; 3<\/p>\n<p>Christian Tetzlaff \u2013 Barbara Buntrock &#8211; Tanja Tetzlaff \u2013 Lars Vogt<\/p>\n<p>Ondine, DDD, 2022<\/p>\n<p>Release date: 6 Sept 2024<\/p>\n<\/div><\/div><\/div><\/article><article id=\"portfolio-1-post-4010\" class=\"fusion-portfolio-post lutoslawski fusion-col-spacing post-4010\"><div class=\"fusion-portfolio-content-wrapper\" style=\"border:none;\"><span class=\"vcard rich-snippet-hidden\"><span class=\"fn\"><a href=\"https:\/\/christian-tetzlaff.de\/en\/author\/silke-musfeldt\/\" title=\"Posts by Silke Musfeldt\" rel=\"author\">Silke Musfeldt<\/a><\/span><\/span><span class=\"updated rich-snippet-hidden\">2024-11-25T16:06:25+00:00<\/span><div  class=\"fusion-image-wrapper\" aria-haspopup=\"true\">\n\t\t\t\t\t\t\t<a href=\"https:\/\/christian-tetzlaff.de\/en\/portfolio-items\/lutoslawski\/\" aria-label=\"Lutoslawski\">\n\t\t\t\t\t\t\t<img decoding=\"async\" width=\"1450\" height=\"1450\" src=\"https:\/\/christian-tetzlaff.de\/wp-content\/uploads\/2024\/11\/811Y6aATIFL._AC_SL1450_.jpg\" class=\"attachment-full size-full lazyload wp-post-image\" alt=\"\" srcset=\"data:image\/svg+xml,%3Csvg%20xmlns%3D%27http%3A%2F%2Fwww.w3.org%2F2000%2Fsvg%27%20width%3D%271450%27%20height%3D%271450%27%20viewBox%3D%270%200%201450%201450%27%3E%3Crect%20width%3D%271450%27%20height%3D%271450%27%20fill-opacity%3D%220%22%2F%3E%3C%2Fsvg%3E\" data-orig-src=\"https:\/\/christian-tetzlaff.de\/wp-content\/uploads\/2024\/11\/811Y6aATIFL._AC_SL1450_.jpg\" data-srcset=\"https:\/\/christian-tetzlaff.de\/wp-content\/uploads\/2024\/11\/811Y6aATIFL._AC_SL1450_-200x200.jpg 200w, https:\/\/christian-tetzlaff.de\/wp-content\/uploads\/2024\/11\/811Y6aATIFL._AC_SL1450_-400x400.jpg 400w, https:\/\/christian-tetzlaff.de\/wp-content\/uploads\/2024\/11\/811Y6aATIFL._AC_SL1450_-600x600.jpg 600w, https:\/\/christian-tetzlaff.de\/wp-content\/uploads\/2024\/11\/811Y6aATIFL._AC_SL1450_-800x800.jpg 800w, https:\/\/christian-tetzlaff.de\/wp-content\/uploads\/2024\/11\/811Y6aATIFL._AC_SL1450_-1200x1200.jpg 1200w, https:\/\/christian-tetzlaff.de\/wp-content\/uploads\/2024\/11\/811Y6aATIFL._AC_SL1450_.jpg 1450w\" data-sizes=\"auto\" \/>\t\t\t<\/a>\n\t\t\t\t\t\t\t<\/div>\n<div class=\"fusion-portfolio-content\"><h2 class=\"entry-title fusion-post-title\"><a href=\"https:\/\/christian-tetzlaff.de\/en\/portfolio-items\/lutoslawski\/\">Lutoslawski<\/a><\/h2><div class=\"fusion-post-content\"><p>Konzert f\u00fcr Orchester<br \/>\nPartita f\u00fcr Violine &#038; Orchester<br \/>\nNovelette<\/p>\n<p>Christian Tetzlaff (Violine), Finnish Radio Symphony Orchestra, Nicholas Collon<\/p>\n<p>Ondine, ODE 1444-2<\/p>\n<p>Release date: 10 Nov 2023<\/p>\n<\/div><\/div><\/div><\/article><article id=\"portfolio-1-post-3291\" class=\"fusion-portfolio-post schubert fusion-col-spacing post-3291\"><div class=\"fusion-portfolio-content-wrapper\" style=\"border:none;\"><span class=\"vcard rich-snippet-hidden\"><span class=\"fn\"><a href=\"https:\/\/christian-tetzlaff.de\/en\/author\/admin\/\" title=\"Posts by Christoph Ermisch\" rel=\"author\">Christoph Ermisch<\/a><\/span><\/span><span class=\"updated rich-snippet-hidden\">2023-06-14T10:14:04+00:00<\/span><div  class=\"fusion-image-wrapper\" aria-haspopup=\"true\">\n\t\t\t\t\t\t\t<a href=\"https:\/\/christian-tetzlaff.de\/en\/portfolio-items\/schubert-2\/\" aria-label=\"Schubert\">\n\t\t\t\t\t\t\t<img decoding=\"async\" width=\"2560\" height=\"2560\" src=\"https:\/\/christian-tetzlaff.de\/wp-content\/uploads\/2018\/10\/2023_02_Schubert_trios-4253x4253-1-scaled.jpg\" class=\"attachment-full size-full lazyload wp-post-image\" alt=\"\" srcset=\"data:image\/svg+xml,%3Csvg%20xmlns%3D%27http%3A%2F%2Fwww.w3.org%2F2000%2Fsvg%27%20width%3D%272560%27%20height%3D%272560%27%20viewBox%3D%270%200%202560%202560%27%3E%3Crect%20width%3D%272560%27%20height%3D%272560%27%20fill-opacity%3D%220%22%2F%3E%3C%2Fsvg%3E\" data-orig-src=\"https:\/\/christian-tetzlaff.de\/wp-content\/uploads\/2018\/10\/2023_02_Schubert_trios-4253x4253-1-scaled.jpg\" data-srcset=\"https:\/\/christian-tetzlaff.de\/wp-content\/uploads\/2018\/10\/2023_02_Schubert_trios-4253x4253-1-200x200.jpg 200w, https:\/\/christian-tetzlaff.de\/wp-content\/uploads\/2018\/10\/2023_02_Schubert_trios-4253x4253-1-400x400.jpg 400w, https:\/\/christian-tetzlaff.de\/wp-content\/uploads\/2018\/10\/2023_02_Schubert_trios-4253x4253-1-600x600.jpg 600w, https:\/\/christian-tetzlaff.de\/wp-content\/uploads\/2018\/10\/2023_02_Schubert_trios-4253x4253-1-800x800.jpg 800w, https:\/\/christian-tetzlaff.de\/wp-content\/uploads\/2018\/10\/2023_02_Schubert_trios-4253x4253-1-1200x1200.jpg 1200w, https:\/\/christian-tetzlaff.de\/wp-content\/uploads\/2018\/10\/2023_02_Schubert_trios-4253x4253-1-scaled.jpg 2560w\" data-sizes=\"auto\" \/>\t\t\t<\/a>\n\t\t\t\t\t\t\t<\/div>\n<div class=\"fusion-portfolio-content\"><h2 class=\"entry-title fusion-post-title\"><a href=\"https:\/\/christian-tetzlaff.de\/en\/portfolio-items\/schubert-2\/\">Schubert<\/a><\/h2><div class=\"fusion-post-content\"><p>Piano Trios &#8211; Notturno &#8211; Rondo &#8211; Arpeggione Sonata<\/p>\n<p>Christian Tetzlaff &#8211; Tanja Tetzlaff &#8211; Lars Vogt<\/p>\n<p><a href=\"https:\/\/www.ondine.net\/?lid=en&amp;cid=998&amp;oid=6981#tracklist\">ONDINE ODE 1394-2D<\/a><\/p>\n<\/div><\/div><\/div><\/article><article id=\"portfolio-1-post-3279\" class=\"fusion-portfolio-post beethoven fusion-col-spacing post-3279\"><div class=\"fusion-portfolio-content-wrapper\" style=\"border:none;\"><span class=\"vcard rich-snippet-hidden\"><span class=\"fn\"><a href=\"https:\/\/christian-tetzlaff.de\/en\/author\/admin\/\" title=\"Posts by Christoph Ermisch\" rel=\"author\">Christoph Ermisch<\/a><\/span><\/span><span class=\"updated rich-snippet-hidden\">2023-06-14T10:14:04+00:00<\/span><div  class=\"fusion-image-wrapper\" aria-haspopup=\"true\">\n\t\t\t\t\t\t\t<a href=\"#\" aria-label=\"Beethoven\">\n\t\t\t\t\t\t\t<img decoding=\"async\" width=\"480\" height=\"480\" src=\"https:\/\/christian-tetzlaff.de\/wp-content\/uploads\/2022\/11\/Beethoven_Quartets_op_132_130_133.jpg\" class=\"attachment-full size-full lazyload wp-post-image\" alt=\"\" srcset=\"data:image\/svg+xml,%3Csvg%20xmlns%3D%27http%3A%2F%2Fwww.w3.org%2F2000%2Fsvg%27%20width%3D%27480%27%20height%3D%27480%27%20viewBox%3D%270%200%20480%20480%27%3E%3Crect%20width%3D%27480%27%20height%3D%27480%27%20fill-opacity%3D%220%22%2F%3E%3C%2Fsvg%3E\" data-orig-src=\"https:\/\/christian-tetzlaff.de\/wp-content\/uploads\/2022\/11\/Beethoven_Quartets_op_132_130_133.jpg\" data-srcset=\"https:\/\/christian-tetzlaff.de\/wp-content\/uploads\/2022\/11\/Beethoven_Quartets_op_132_130_133-200x200.jpg 200w, https:\/\/christian-tetzlaff.de\/wp-content\/uploads\/2022\/11\/Beethoven_Quartets_op_132_130_133-400x400.jpg 400w, https:\/\/christian-tetzlaff.de\/wp-content\/uploads\/2022\/11\/Beethoven_Quartets_op_132_130_133.jpg 480w\" data-sizes=\"auto\" \/>\t\t\t<\/a>\n\t\t\t\t\t\t\t<\/div>\n<div class=\"fusion-portfolio-content\"><h2 class=\"entry-title fusion-post-title\"><a href=\"https:\/\/christian-tetzlaff.de\/en\/portfolio-items\/beethoven\/\">Beethoven<\/a><\/h2><div class=\"fusion-post-content\"><p>String Quartets Opp. 132 &amp; 130\/133<\/p>\n<p>TETZLAFF QUARTETT &#8211;<\/p>\n<p><a href=\"https:\/\/ondine.lnk.to\/ODE13472DOW\">Ondine ODE 1347-2D<\/a><\/p>\n<\/div><\/div><\/div><\/article><article id=\"portfolio-1-post-3266\" class=\"fusion-portfolio-post berg brahms fusion-col-spacing post-3266\"><div class=\"fusion-portfolio-content-wrapper\" style=\"border:none;\"><span class=\"vcard rich-snippet-hidden\"><span class=\"fn\"><a href=\"https:\/\/christian-tetzlaff.de\/en\/author\/admin\/\" title=\"Posts by Christoph Ermisch\" rel=\"author\">Christoph Ermisch<\/a><\/span><\/span><span class=\"updated rich-snippet-hidden\">2023-06-14T10:14:04+00:00<\/span><div  class=\"fusion-image-wrapper\" aria-haspopup=\"true\">\n\t\t\t\t\t\t\t<a href=\"https:\/\/christian-tetzlaff.de\/en\/portfolio-items\/brahms-berg\/\" aria-label=\"Brahms \/ Berg\">\n\t\t\t\t\t\t\t<img decoding=\"async\" width=\"2560\" height=\"2539\" src=\"https:\/\/christian-tetzlaff.de\/wp-content\/uploads\/2022\/11\/2022_Brahms_Berg_DSO-scaled-1.jpg\" class=\"attachment-full size-full lazyload wp-post-image\" alt=\"\" srcset=\"data:image\/svg+xml,%3Csvg%20xmlns%3D%27http%3A%2F%2Fwww.w3.org%2F2000%2Fsvg%27%20width%3D%272560%27%20height%3D%272539%27%20viewBox%3D%270%200%202560%202539%27%3E%3Crect%20width%3D%272560%27%20height%3D%272539%27%20fill-opacity%3D%220%22%2F%3E%3C%2Fsvg%3E\" data-orig-src=\"https:\/\/christian-tetzlaff.de\/wp-content\/uploads\/2022\/11\/2022_Brahms_Berg_DSO-scaled-1.jpg\" data-srcset=\"https:\/\/christian-tetzlaff.de\/wp-content\/uploads\/2022\/11\/2022_Brahms_Berg_DSO-scaled-1-200x198.jpg 200w, https:\/\/christian-tetzlaff.de\/wp-content\/uploads\/2022\/11\/2022_Brahms_Berg_DSO-scaled-1-400x397.jpg 400w, https:\/\/christian-tetzlaff.de\/wp-content\/uploads\/2022\/11\/2022_Brahms_Berg_DSO-scaled-1-600x595.jpg 600w, https:\/\/christian-tetzlaff.de\/wp-content\/uploads\/2022\/11\/2022_Brahms_Berg_DSO-scaled-1-800x793.jpg 800w, https:\/\/christian-tetzlaff.de\/wp-content\/uploads\/2022\/11\/2022_Brahms_Berg_DSO-scaled-1-1200x1190.jpg 1200w, https:\/\/christian-tetzlaff.de\/wp-content\/uploads\/2022\/11\/2022_Brahms_Berg_DSO-scaled-1.jpg 2560w\" data-sizes=\"auto\" \/>\t\t\t<\/a>\n\t\t\t\t\t\t\t<\/div>\n<div class=\"fusion-portfolio-content\"><h2 class=\"entry-title fusion-post-title\"><a href=\"https:\/\/christian-tetzlaff.de\/en\/portfolio-items\/brahms-berg\/\">Brahms \/ Berg<\/a><\/h2><div class=\"fusion-post-content\"><p>Johannes Brahms, Alban Berg<br \/>\nViolin Concertos<\/p>\n<p>Deutsches Symphonie-Orchester Berlin<br \/>\nRobin Ticciati, conductor<br \/>\nChristian Tetzlaff, violin<\/p>\n<p>September 2022,<br \/>\n<a href=\"https:\/\/ondine.lnk.to\/ODE14102OW\">Ondine ODE 1410-2<\/a><\/p>\n<\/div><\/div><\/div><\/article><article id=\"portfolio-1-post-3228\" class=\"fusion-portfolio-post mendelssohn schubert fusion-col-spacing post-3228\"><div class=\"fusion-portfolio-content-wrapper\" style=\"border:none;\"><span class=\"vcard rich-snippet-hidden\"><span class=\"fn\"><a href=\"https:\/\/christian-tetzlaff.de\/en\/author\/admin\/\" title=\"Posts by Christoph Ermisch\" rel=\"author\">Christoph Ermisch<\/a><\/span><\/span><span class=\"updated rich-snippet-hidden\">2023-06-14T10:14:04+00:00<\/span><div  class=\"fusion-image-wrapper\" aria-haspopup=\"true\">\n\t\t\t\t\t\t\t<a href=\"https:\/\/christian-tetzlaff.de\/en\/portfolio-items\/schubert-schwanengesang\/\" aria-label=\"Schubert Schwanengesang\">\n\t\t\t\t\t\t\t<img decoding=\"async\" width=\"2560\" height=\"2560\" src=\"https:\/\/christian-tetzlaff.de\/wp-content\/uploads\/2021\/11\/2020_ALPHA-748_Schubert_Schwanengesang-scaled.jpg\" class=\"attachment-full size-full lazyload wp-post-image\" alt=\"\" srcset=\"data:image\/svg+xml,%3Csvg%20xmlns%3D%27http%3A%2F%2Fwww.w3.org%2F2000%2Fsvg%27%20width%3D%272560%27%20height%3D%272560%27%20viewBox%3D%270%200%202560%202560%27%3E%3Crect%20width%3D%272560%27%20height%3D%272560%27%20fill-opacity%3D%220%22%2F%3E%3C%2Fsvg%3E\" data-orig-src=\"https:\/\/christian-tetzlaff.de\/wp-content\/uploads\/2021\/11\/2020_ALPHA-748_Schubert_Schwanengesang-scaled.jpg\" data-srcset=\"https:\/\/christian-tetzlaff.de\/wp-content\/uploads\/2021\/11\/2020_ALPHA-748_Schubert_Schwanengesang-200x200.jpg 200w, https:\/\/christian-tetzlaff.de\/wp-content\/uploads\/2021\/11\/2020_ALPHA-748_Schubert_Schwanengesang-400x400.jpg 400w, https:\/\/christian-tetzlaff.de\/wp-content\/uploads\/2021\/11\/2020_ALPHA-748_Schubert_Schwanengesang-600x600.jpg 600w, https:\/\/christian-tetzlaff.de\/wp-content\/uploads\/2021\/11\/2020_ALPHA-748_Schubert_Schwanengesang-800x800.jpg 800w, https:\/\/christian-tetzlaff.de\/wp-content\/uploads\/2021\/11\/2020_ALPHA-748_Schubert_Schwanengesang-1200x1200.jpg 1200w, https:\/\/christian-tetzlaff.de\/wp-content\/uploads\/2021\/11\/2020_ALPHA-748_Schubert_Schwanengesang-scaled.jpg 2560w\" data-sizes=\"auto\" \/>\t\t\t<\/a>\n\t\t\t\t\t\t\t<\/div>\n<div class=\"fusion-portfolio-content\"><h2 class=\"entry-title fusion-post-title\"><a href=\"https:\/\/christian-tetzlaff.de\/en\/portfolio-items\/schubert-schwanengesang\/\">Schubert Schwanengesang<\/a><\/h2><div class=\"fusion-post-content\"><p>Schwanengesang, Streichquintett D. 956<\/p>\n<p>Mendelssohn: Lied ohne Worte op. 30 Nr. 1<\/p>\n<p>Fanny Mendelssohn: Schwanenlied op. 1 Nr. 1<\/p>\n<p>Julian Pregardien, Martin Helmchen, Christian Tetzlaff, Florian Donderer, Rachel Roberts, Tanja Tetzlaff, Marie-Elisabeth Hecker<\/p>\n<p><a class=\"search-link textlink\" href=\"https:\/\/www.jpc.de\/s\/Alpha?searchtype=label\">Alpha<\/a>, DDD, 2020,\u00a0<span id=\"hnum\">10678715<\/span><\/p>\n<p>Released September 2021; \u00a0Diapason d&#8217;or 2021<\/p>\n<\/div><\/div><\/div><\/article><article id=\"portfolio-1-post-3587\" class=\"fusion-portfolio-post montalbetti fusion-col-spacing post-3587\"><div class=\"fusion-portfolio-content-wrapper\" style=\"border:none;\"><span class=\"vcard rich-snippet-hidden\"><span class=\"fn\"><a href=\"https:\/\/christian-tetzlaff.de\/en\/author\/admin\/\" title=\"Posts by Christoph Ermisch\" rel=\"author\">Christoph Ermisch<\/a><\/span><\/span><span class=\"updated rich-snippet-hidden\">2023-06-14T10:14:04+00:00<\/span><div  class=\"fusion-image-wrapper\" aria-haspopup=\"true\">\n\t\t\t\t\t\t\t<a href=\"https:\/\/christian-tetzlaff.de\/en\/portfolio-items\/montalbetti-chamber-music\/\" aria-label=\"Montalbetti Chamber Music\">\n\t\t\t\t\t\t\t<img decoding=\"async\" width=\"400\" height=\"400\" src=\"https:\/\/christian-tetzlaff.de\/wp-content\/uploads\/2023\/05\/Montalbetti_by_Alpha_Classics_2020.jpg\" class=\"attachment-full size-full lazyload wp-post-image\" alt=\"\" srcset=\"data:image\/svg+xml,%3Csvg%20xmlns%3D%27http%3A%2F%2Fwww.w3.org%2F2000%2Fsvg%27%20width%3D%27400%27%20height%3D%27400%27%20viewBox%3D%270%200%20400%20400%27%3E%3Crect%20width%3D%27400%27%20height%3D%27400%27%20fill-opacity%3D%220%22%2F%3E%3C%2Fsvg%3E\" data-orig-src=\"https:\/\/christian-tetzlaff.de\/wp-content\/uploads\/2023\/05\/Montalbetti_by_Alpha_Classics_2020.jpg\" data-srcset=\"https:\/\/christian-tetzlaff.de\/wp-content\/uploads\/2023\/05\/Montalbetti_by_Alpha_Classics_2020-200x200.jpg 200w, https:\/\/christian-tetzlaff.de\/wp-content\/uploads\/2023\/05\/Montalbetti_by_Alpha_Classics_2020.jpg 400w\" data-sizes=\"auto\" \/>\t\t\t<\/a>\n\t\t\t\t\t\t\t<\/div>\n<div class=\"fusion-portfolio-content\"><h2 class=\"entry-title fusion-post-title\"><a href=\"https:\/\/christian-tetzlaff.de\/en\/portfolio-items\/montalbetti-chamber-music\/\">Montalbetti Chamber Music<\/a><\/h2><div class=\"fusion-post-content\"><p>Harmonieuses Dissonances<\/p>\n<p>Christian Tetzlaff<br \/>\nAlexander Vorontsov<br \/>\nDelphine Haidan<br \/>\nPierre G\u00e9nisson<br \/>\nLes Dissonances Solistes de l\u2019Ensemble Intercontemporain<\/p>\n<\/div><\/div><\/div><\/article><article id=\"portfolio-1-post-3591\" class=\"fusion-portfolio-post beethoven sibelius fusion-col-spacing post-3591\"><div class=\"fusion-portfolio-content-wrapper\" style=\"border:none;\"><span class=\"vcard rich-snippet-hidden\"><span class=\"fn\"><a href=\"https:\/\/christian-tetzlaff.de\/en\/author\/admin\/\" title=\"Posts by Christoph Ermisch\" rel=\"author\">Christoph Ermisch<\/a><\/span><\/span><span class=\"updated rich-snippet-hidden\">2023-06-14T10:14:05+00:00<\/span><div  class=\"fusion-image-wrapper\" aria-haspopup=\"true\">\n\t\t\t\t\t\t\t<a href=\"https:\/\/christian-tetzlaff.de\/en\/portfolio-items\/beethoven-sibelius\/\" aria-label=\"Beethoven \/ Sibelius\">\n\t\t\t\t\t\t\t<img decoding=\"async\" width=\"2560\" height=\"2560\" src=\"https:\/\/christian-tetzlaff.de\/wp-content\/uploads\/2023\/05\/Beethoven_Sibelius-scaled.jpg\" class=\"attachment-full size-full lazyload wp-post-image\" alt=\"\" srcset=\"data:image\/svg+xml,%3Csvg%20xmlns%3D%27http%3A%2F%2Fwww.w3.org%2F2000%2Fsvg%27%20width%3D%272560%27%20height%3D%272560%27%20viewBox%3D%270%200%202560%202560%27%3E%3Crect%20width%3D%272560%27%20height%3D%272560%27%20fill-opacity%3D%220%22%2F%3E%3C%2Fsvg%3E\" data-orig-src=\"https:\/\/christian-tetzlaff.de\/wp-content\/uploads\/2023\/05\/Beethoven_Sibelius-scaled.jpg\" data-srcset=\"https:\/\/christian-tetzlaff.de\/wp-content\/uploads\/2023\/05\/Beethoven_Sibelius-200x200.jpg 200w, https:\/\/christian-tetzlaff.de\/wp-content\/uploads\/2023\/05\/Beethoven_Sibelius-400x400.jpg 400w, https:\/\/christian-tetzlaff.de\/wp-content\/uploads\/2023\/05\/Beethoven_Sibelius-600x600.jpg 600w, https:\/\/christian-tetzlaff.de\/wp-content\/uploads\/2023\/05\/Beethoven_Sibelius-800x800.jpg 800w, https:\/\/christian-tetzlaff.de\/wp-content\/uploads\/2023\/05\/Beethoven_Sibelius-1200x1200.jpg 1200w, https:\/\/christian-tetzlaff.de\/wp-content\/uploads\/2023\/05\/Beethoven_Sibelius-scaled.jpg 2560w\" data-sizes=\"auto\" \/>\t\t\t<\/a>\n\t\t\t\t\t\t\t<\/div>\n<div class=\"fusion-portfolio-content\"><h2 class=\"entry-title fusion-post-title\"><a href=\"https:\/\/christian-tetzlaff.de\/en\/portfolio-items\/beethoven-sibelius\/\">Beethoven \/ Sibelius<\/a><\/h2><div class=\"fusion-post-content\"><p>Beethoven Violin Concerto<\/p>\n<p>Sibelius Violin Concerto<\/p>\n<p>Deutsches Symphonie-Orchester Berlin<br \/>\nRobin Ticciati<\/p>\n<p>CD release\u00a0 September 2019<br \/>\nOndine\u00a0ODE 1334-2<\/p>\n<\/div><\/div><\/div><\/article><article id=\"portfolio-1-post-2936\" class=\"fusion-portfolio-post dvorak fusion-col-spacing post-2936\"><div class=\"fusion-portfolio-content-wrapper\" style=\"border:none;\"><span class=\"vcard rich-snippet-hidden\"><span class=\"fn\"><a href=\"https:\/\/christian-tetzlaff.de\/en\/author\/admin\/\" title=\"Posts by Christoph Ermisch\" rel=\"author\">Christoph Ermisch<\/a><\/span><\/span><span class=\"updated rich-snippet-hidden\">2023-06-14T10:14:05+00:00<\/span><div  class=\"fusion-image-wrapper\" aria-haspopup=\"true\">\n\t\t\t\t\t\t\t<a href=\"https:\/\/christian-tetzlaff.de\/en\/portfolio-items\/2936\/\" aria-label=\"Anton\u00edn Dvo\u0159\u00e1k\">\n\t\t\t\t\t\t\t<img decoding=\"async\" width=\"2560\" height=\"2560\" src=\"https:\/\/christian-tetzlaff.de\/wp-content\/uploads\/2018\/10\/CT_TT_LV_dvorak_trios-scaled.jpg\" class=\"attachment-full size-full lazyload wp-post-image\" alt=\"\" srcset=\"data:image\/svg+xml,%3Csvg%20xmlns%3D%27http%3A%2F%2Fwww.w3.org%2F2000%2Fsvg%27%20width%3D%272560%27%20height%3D%272560%27%20viewBox%3D%270%200%202560%202560%27%3E%3Crect%20width%3D%272560%27%20height%3D%272560%27%20fill-opacity%3D%220%22%2F%3E%3C%2Fsvg%3E\" data-orig-src=\"https:\/\/christian-tetzlaff.de\/wp-content\/uploads\/2018\/10\/CT_TT_LV_dvorak_trios-scaled.jpg\" data-srcset=\"https:\/\/christian-tetzlaff.de\/wp-content\/uploads\/2018\/10\/CT_TT_LV_dvorak_trios-200x200.jpg 200w, https:\/\/christian-tetzlaff.de\/wp-content\/uploads\/2018\/10\/CT_TT_LV_dvorak_trios-400x400.jpg 400w, https:\/\/christian-tetzlaff.de\/wp-content\/uploads\/2018\/10\/CT_TT_LV_dvorak_trios-600x600.jpg 600w, https:\/\/christian-tetzlaff.de\/wp-content\/uploads\/2018\/10\/CT_TT_LV_dvorak_trios-800x800.jpg 800w, https:\/\/christian-tetzlaff.de\/wp-content\/uploads\/2018\/10\/CT_TT_LV_dvorak_trios-1200x1200.jpg 1200w, https:\/\/christian-tetzlaff.de\/wp-content\/uploads\/2018\/10\/CT_TT_LV_dvorak_trios-scaled.jpg 2560w\" data-sizes=\"auto\" \/>\t\t\t<\/a>\n\t\t\t\t\t\t\t<\/div>\n<div class=\"fusion-portfolio-content\"><h2 class=\"entry-title fusion-post-title\"><a href=\"https:\/\/christian-tetzlaff.de\/en\/portfolio-items\/2936\/\">Anton\u00edn Dvo\u0159\u00e1k<\/a><\/h2><div class=\"fusion-post-content\"><p>Piano Trios Nos. 3 &amp; 4 \u2018Dumky\u2019<\/p>\n<p>Ver\u00f6ffentlichung: 12. Oktober 2018<\/p>\n<p><a href=\"https:\/\/ondine.lnk.to\/ODE13162OW!CT\">Ondine ODE 1316-2<\/a><\/p>\n<p>Christian Tetzlaff, Violine<br \/>\nTanja Tetzlaff, Cello<br \/>\nLars Vogt, Klavier<\/p>\n<p><a href=\"https:\/\/reader.exacteditions.com\/issues\/82681\/spread\/5\">Gramophone Awards Shortlist 2019<\/a><\/p>\n<\/div><\/div><\/div><\/article><article id=\"portfolio-1-post-2892\" class=\"fusion-portfolio-post bartok fusion-col-spacing post-2892\"><div class=\"fusion-portfolio-content-wrapper\" style=\"border:none;\"><span class=\"vcard rich-snippet-hidden\"><span class=\"fn\"><a href=\"https:\/\/christian-tetzlaff.de\/en\/author\/admin\/\" title=\"Posts by Christoph Ermisch\" rel=\"author\">Christoph Ermisch<\/a><\/span><\/span><span class=\"updated rich-snippet-hidden\">2023-06-14T10:14:05+00:00<\/span><div  class=\"fusion-image-wrapper\" aria-haspopup=\"true\">\n\t\t\t\t\t\t\t<a href=\"https:\/\/christian-tetzlaff.de\/en\/portfolio-items\/bela-bartok\/\" aria-label=\"B\u00e9la Bart\u00f3k\">\n\t\t\t\t\t\t\t<img decoding=\"async\" width=\"400\" height=\"400\" src=\"https:\/\/christian-tetzlaff.de\/wp-content\/uploads\/2018\/06\/ODE-1317-2_Cover_klein.jpg\" class=\"attachment-full size-full lazyload wp-post-image\" alt=\"\" srcset=\"data:image\/svg+xml,%3Csvg%20xmlns%3D%27http%3A%2F%2Fwww.w3.org%2F2000%2Fsvg%27%20width%3D%27400%27%20height%3D%27400%27%20viewBox%3D%270%200%20400%20400%27%3E%3Crect%20width%3D%27400%27%20height%3D%27400%27%20fill-opacity%3D%220%22%2F%3E%3C%2Fsvg%3E\" data-orig-src=\"https:\/\/christian-tetzlaff.de\/wp-content\/uploads\/2018\/06\/ODE-1317-2_Cover_klein.jpg\" data-srcset=\"https:\/\/christian-tetzlaff.de\/wp-content\/uploads\/2018\/06\/ODE-1317-2_Cover_klein-200x200.jpg 200w, https:\/\/christian-tetzlaff.de\/wp-content\/uploads\/2018\/06\/ODE-1317-2_Cover_klein.jpg 400w\" data-sizes=\"auto\" \/>\t\t\t<\/a>\n\t\t\t\t\t\t\t<\/div>\n<div class=\"fusion-portfolio-content\"><h2 class=\"entry-title fusion-post-title\"><a href=\"https:\/\/christian-tetzlaff.de\/en\/portfolio-items\/bela-bartok\/\">B\u00e9la Bart\u00f3k<\/a><\/h2><div class=\"fusion-post-content\"><p>Violinkonzerte Nr. 1 &amp; 2<br \/>\nFinnish Radio Symphony Orchestra \/ Hannu Lintu<\/p>\n<p>Diapason d&#8217;Or July 2018<br \/>\n<a href=\"https:\/\/ondine.lnk.to\/ODE13172OW!CT\">Ondine ODE 1317-2<\/a><\/p>\n<p>Gramophone Awards 2018<\/p>\n<\/div><\/div><\/div><\/article><article id=\"portfolio-1-post-3595\" class=\"fusion-portfolio-post beethoven fusion-col-spacing post-3595\"><div class=\"fusion-portfolio-content-wrapper\" style=\"border:none;\"><span class=\"vcard rich-snippet-hidden\"><span class=\"fn\"><a href=\"https:\/\/christian-tetzlaff.de\/en\/author\/admin\/\" title=\"Posts by Christoph Ermisch\" rel=\"author\">Christoph Ermisch<\/a><\/span><\/span><span class=\"updated rich-snippet-hidden\">2023-06-14T10:14:05+00:00<\/span><div  class=\"fusion-image-wrapper\" aria-haspopup=\"true\">\n\t\t\t\t\t\t\t<a href=\"https:\/\/christian-tetzlaff.de\/en\/portfolio-items\/beethoven-2\/\" aria-label=\"Beethoven\">\n\t\t\t\t\t\t\t<img decoding=\"async\" width=\"335\" height=\"332\" src=\"https:\/\/christian-tetzlaff.de\/wp-content\/uploads\/2023\/05\/Beethoven-Tripel1-website.jpg\" class=\"attachment-full size-full lazyload wp-post-image\" alt=\"\" srcset=\"data:image\/svg+xml,%3Csvg%20xmlns%3D%27http%3A%2F%2Fwww.w3.org%2F2000%2Fsvg%27%20width%3D%27335%27%20height%3D%27332%27%20viewBox%3D%270%200%20335%20332%27%3E%3Crect%20width%3D%27335%27%20height%3D%27332%27%20fill-opacity%3D%220%22%2F%3E%3C%2Fsvg%3E\" data-orig-src=\"https:\/\/christian-tetzlaff.de\/wp-content\/uploads\/2023\/05\/Beethoven-Tripel1-website.jpg\" data-srcset=\"https:\/\/christian-tetzlaff.de\/wp-content\/uploads\/2023\/05\/Beethoven-Tripel1-website-200x198.jpg 200w, https:\/\/christian-tetzlaff.de\/wp-content\/uploads\/2023\/05\/Beethoven-Tripel1-website.jpg 335w\" data-sizes=\"auto\" \/>\t\t\t<\/a>\n\t\t\t\t\t\t\t<\/div>\n<div class=\"fusion-portfolio-content\"><h2 class=\"entry-title fusion-post-title\"><a href=\"https:\/\/christian-tetzlaff.de\/en\/portfolio-items\/beethoven-2\/\">Beethoven<\/a><\/h2><div class=\"fusion-post-content\"><p>Triple Concerto<br \/>\nPiano Concerto Nr. 3<\/p>\n<p>Lars Vogt | Christian Tetzlaff | Tanja Tetzlaff<br \/>\nRoyal Northern Sinfonia<\/p>\n<p>Ondine ODE 1297-2<br \/>\nVer\u00f6ffentlichung: Oktober 2017<\/p>\n<\/div><\/div><\/div><\/article><article id=\"portfolio-1-post-2831\" class=\"fusion-portfolio-post bach fusion-col-spacing post-2831\"><div class=\"fusion-portfolio-content-wrapper\" style=\"border:none;\"><span class=\"vcard rich-snippet-hidden\"><span class=\"fn\"><a href=\"https:\/\/christian-tetzlaff.de\/en\/author\/admin\/\" title=\"Posts by Christoph Ermisch\" rel=\"author\">Christoph Ermisch<\/a><\/span><\/span><span class=\"updated rich-snippet-hidden\">2023-06-14T10:14:06+00:00<\/span><div  class=\"fusion-image-wrapper\" aria-haspopup=\"true\">\n\t\t\t\t\t\t\t<a href=\"https:\/\/christian-tetzlaff.de\/en\/portfolio-items\/j-s-bach\/\" aria-label=\"J.S. Bach\">\n\t\t\t\t\t\t\t<img decoding=\"async\" width=\"1400\" height=\"1400\" src=\"https:\/\/christian-tetzlaff.de\/wp-content\/uploads\/2017\/08\/Bach-Sonatas-Partitas-for-web.jpg\" class=\"attachment-full size-full lazyload wp-post-image\" alt=\"\" srcset=\"data:image\/svg+xml,%3Csvg%20xmlns%3D%27http%3A%2F%2Fwww.w3.org%2F2000%2Fsvg%27%20width%3D%271400%27%20height%3D%271400%27%20viewBox%3D%270%200%201400%201400%27%3E%3Crect%20width%3D%271400%27%20height%3D%271400%27%20fill-opacity%3D%220%22%2F%3E%3C%2Fsvg%3E\" data-orig-src=\"https:\/\/christian-tetzlaff.de\/wp-content\/uploads\/2017\/08\/Bach-Sonatas-Partitas-for-web.jpg\" data-srcset=\"https:\/\/christian-tetzlaff.de\/wp-content\/uploads\/2017\/08\/Bach-Sonatas-Partitas-for-web-200x200.jpg 200w, https:\/\/christian-tetzlaff.de\/wp-content\/uploads\/2017\/08\/Bach-Sonatas-Partitas-for-web-400x400.jpg 400w, https:\/\/christian-tetzlaff.de\/wp-content\/uploads\/2017\/08\/Bach-Sonatas-Partitas-for-web-600x600.jpg 600w, https:\/\/christian-tetzlaff.de\/wp-content\/uploads\/2017\/08\/Bach-Sonatas-Partitas-for-web-800x800.jpg 800w, https:\/\/christian-tetzlaff.de\/wp-content\/uploads\/2017\/08\/Bach-Sonatas-Partitas-for-web-1200x1200.jpg 1200w, https:\/\/christian-tetzlaff.de\/wp-content\/uploads\/2017\/08\/Bach-Sonatas-Partitas-for-web.jpg 1400w\" data-sizes=\"auto\" \/>\t\t\t<\/a>\n\t\t\t\t\t\t\t<\/div>\n<div class=\"fusion-portfolio-content\"><h2 class=\"entry-title fusion-post-title\"><a href=\"https:\/\/christian-tetzlaff.de\/en\/portfolio-items\/j-s-bach\/\">J.S. Bach<\/a><\/h2><div class=\"fusion-post-content\"><p>Sonatas &amp; Partitas<\/p>\n<p>Ver\u00f6ffentlichung: 08. September 2017<br \/>\n<a href=\"https:\/\/ondine.lnk.to\/ODE12992DOW!CT\">Ondine ODE 1299-20<\/a><\/p>\n<p>Jahrespreis der Deutschen Schallplattenkritik 2018<\/p>\n<\/div><\/div><\/div><\/article><article id=\"portfolio-1-post-2778\" class=\"fusion-portfolio-post haydn schubert fusion-col-spacing post-2778\"><div class=\"fusion-portfolio-content-wrapper\" style=\"border:none;\"><span class=\"vcard rich-snippet-hidden\"><span class=\"fn\"><a href=\"https:\/\/christian-tetzlaff.de\/en\/author\/admin\/\" title=\"Posts by Christoph Ermisch\" rel=\"author\">Christoph Ermisch<\/a><\/span><\/span><span class=\"updated rich-snippet-hidden\">2023-06-14T10:14:06+00:00<\/span><div  class=\"fusion-image-wrapper\" aria-haspopup=\"true\">\n\t\t\t\t\t\t\t<a href=\"https:\/\/christian-tetzlaff.de\/en\/portfolio-items\/tetzlaff-quartett-schubert-haydn\/\" aria-label=\"Schubert | Haydn\">\n\t\t\t\t\t\t\t<img decoding=\"async\" width=\"1429\" height=\"1417\" src=\"https:\/\/christian-tetzlaff.de\/wp-content\/uploads\/2017\/05\/Schubert-Haydn.jpg\" class=\"attachment-full size-full lazyload wp-post-image\" alt=\"\" srcset=\"data:image\/svg+xml,%3Csvg%20xmlns%3D%27http%3A%2F%2Fwww.w3.org%2F2000%2Fsvg%27%20width%3D%271429%27%20height%3D%271417%27%20viewBox%3D%270%200%201429%201417%27%3E%3Crect%20width%3D%271429%27%20height%3D%271417%27%20fill-opacity%3D%220%22%2F%3E%3C%2Fsvg%3E\" data-orig-src=\"https:\/\/christian-tetzlaff.de\/wp-content\/uploads\/2017\/05\/Schubert-Haydn.jpg\" data-srcset=\"https:\/\/christian-tetzlaff.de\/wp-content\/uploads\/2017\/05\/Schubert-Haydn-200x198.jpg 200w, https:\/\/christian-tetzlaff.de\/wp-content\/uploads\/2017\/05\/Schubert-Haydn-400x397.jpg 400w, https:\/\/christian-tetzlaff.de\/wp-content\/uploads\/2017\/05\/Schubert-Haydn-600x595.jpg 600w, https:\/\/christian-tetzlaff.de\/wp-content\/uploads\/2017\/05\/Schubert-Haydn-800x793.jpg 800w, https:\/\/christian-tetzlaff.de\/wp-content\/uploads\/2017\/05\/Schubert-Haydn-1200x1190.jpg 1200w, https:\/\/christian-tetzlaff.de\/wp-content\/uploads\/2017\/05\/Schubert-Haydn.jpg 1429w\" data-sizes=\"auto\" \/>\t\t\t<\/a>\n\t\t\t\t\t\t\t<\/div>\n<div class=\"fusion-portfolio-content\"><h2 class=\"entry-title fusion-post-title\"><a href=\"https:\/\/christian-tetzlaff.de\/en\/portfolio-items\/tetzlaff-quartett-schubert-haydn\/\">Schubert | Haydn<\/a><\/h2><div class=\"fusion-post-content\"><p>Franz Schubert String Quartet No. 15 in G Major<\/p>\n<p>Joseph Haydn String Quartet in G minor, Op. 20 No.<\/p>\n<p><a href=\"https:\/\/ondine.lnk.to\/ODE12932OW!CT\">ODE 1293-2<\/a><\/p>\n<\/div><\/div><\/div><\/article><article id=\"portfolio-1-post-2658\" class=\"fusion-portfolio-post dvorak suk fusion-col-spacing post-2658\"><div class=\"fusion-portfolio-content-wrapper\" style=\"border:none;\"><span class=\"vcard rich-snippet-hidden\"><span class=\"fn\"><a href=\"https:\/\/christian-tetzlaff.de\/en\/author\/admin\/\" title=\"Posts by Christoph Ermisch\" rel=\"author\">Christoph Ermisch<\/a><\/span><\/span><span class=\"updated rich-snippet-hidden\">2023-06-14T10:14:06+00:00<\/span><div  class=\"fusion-image-wrapper\" aria-haspopup=\"true\">\n\t\t\t\t\t\t\t<a href=\"https:\/\/christian-tetzlaff.de\/en\/portfolio-items\/suk-fantasie-dvorak-violinkonzert-romance\/\" aria-label=\"Suk Fantasy &#8211; Dvo\u0159\u00e1k Violin Concerto, Romance\">\n\t\t\t\t\t\t\t<img decoding=\"async\" width=\"1429\" height=\"1417\" src=\"https:\/\/christian-tetzlaff.de\/wp-content\/uploads\/2016\/10\/Dvorak-Suk.jpg\" class=\"attachment-full size-full lazyload wp-post-image\" alt=\"\" srcset=\"data:image\/svg+xml,%3Csvg%20xmlns%3D%27http%3A%2F%2Fwww.w3.org%2F2000%2Fsvg%27%20width%3D%271429%27%20height%3D%271417%27%20viewBox%3D%270%200%201429%201417%27%3E%3Crect%20width%3D%271429%27%20height%3D%271417%27%20fill-opacity%3D%220%22%2F%3E%3C%2Fsvg%3E\" data-orig-src=\"https:\/\/christian-tetzlaff.de\/wp-content\/uploads\/2016\/10\/Dvorak-Suk.jpg\" data-srcset=\"https:\/\/christian-tetzlaff.de\/wp-content\/uploads\/2016\/10\/Dvorak-Suk-200x198.jpg 200w, https:\/\/christian-tetzlaff.de\/wp-content\/uploads\/2016\/10\/Dvorak-Suk-400x397.jpg 400w, https:\/\/christian-tetzlaff.de\/wp-content\/uploads\/2016\/10\/Dvorak-Suk-600x595.jpg 600w, https:\/\/christian-tetzlaff.de\/wp-content\/uploads\/2016\/10\/Dvorak-Suk-800x793.jpg 800w, https:\/\/christian-tetzlaff.de\/wp-content\/uploads\/2016\/10\/Dvorak-Suk-1200x1190.jpg 1200w, https:\/\/christian-tetzlaff.de\/wp-content\/uploads\/2016\/10\/Dvorak-Suk.jpg 1429w\" data-sizes=\"auto\" \/>\t\t\t<\/a>\n\t\t\t\t\t\t\t<\/div>\n<div class=\"fusion-portfolio-content\"><h2 class=\"entry-title fusion-post-title\"><a href=\"https:\/\/christian-tetzlaff.de\/en\/portfolio-items\/suk-fantasie-dvorak-violinkonzert-romance\/\">Suk Fantasy &#8211; Dvo\u0159\u00e1k Violin Concerto, Romance<\/a><\/h2><div class=\"fusion-post-content\"><p>Josef Suk<br \/>\nFantasy in G minor, Op. 24<br \/>\nAntonin Dvo\u0159\u00e1k<br \/>\nViolin Concerto in A Minor, Op. 53<br \/>\nRomance, Op. 11<\/p>\n<p>Helsinki Philharmonic Orchestra<br \/>\nJohn Storg\u00e5rds, conductor<\/p>\n<p>Nominated for the Grammy Award 2017<\/p>\n<p><a href=\"https:\/\/ondine.lnk.to\/ODE12795OW!CT\">PDE 1279-5<\/a><\/p>\n<\/div><\/div><\/div><\/article><article id=\"portfolio-1-post-2426\" class=\"fusion-portfolio-post brahms fusion-col-spacing post-2426\"><div class=\"fusion-portfolio-content-wrapper\" style=\"border:none;\"><span class=\"vcard rich-snippet-hidden\"><span class=\"fn\"><a href=\"https:\/\/christian-tetzlaff.de\/en\/author\/admin\/\" title=\"Posts by Christoph Ermisch\" rel=\"author\">Christoph Ermisch<\/a><\/span><\/span><span class=\"updated rich-snippet-hidden\">2023-06-14T10:14:06+00:00<\/span><div  class=\"fusion-image-wrapper\" aria-haspopup=\"true\">\n\t\t\t\t\t\t\t<a href=\"https:\/\/christian-tetzlaff.de\/en\/portfolio-items\/brahms-7\/\" aria-label=\"Brahms\">\n\t\t\t\t\t\t\t<img decoding=\"async\" width=\"1429\" height=\"1417\" src=\"https:\/\/christian-tetzlaff.de\/wp-content\/uploads\/2016\/01\/Brahms_CT_LV-high-res.jpg\" class=\"attachment-full size-full lazyload wp-post-image\" alt=\"\" srcset=\"data:image\/svg+xml,%3Csvg%20xmlns%3D%27http%3A%2F%2Fwww.w3.org%2F2000%2Fsvg%27%20width%3D%271429%27%20height%3D%271417%27%20viewBox%3D%270%200%201429%201417%27%3E%3Crect%20width%3D%271429%27%20height%3D%271417%27%20fill-opacity%3D%220%22%2F%3E%3C%2Fsvg%3E\" data-orig-src=\"https:\/\/christian-tetzlaff.de\/wp-content\/uploads\/2016\/01\/Brahms_CT_LV-high-res.jpg\" data-srcset=\"https:\/\/christian-tetzlaff.de\/wp-content\/uploads\/2016\/01\/Brahms_CT_LV-high-res-200x198.jpg 200w, https:\/\/christian-tetzlaff.de\/wp-content\/uploads\/2016\/01\/Brahms_CT_LV-high-res-400x397.jpg 400w, https:\/\/christian-tetzlaff.de\/wp-content\/uploads\/2016\/01\/Brahms_CT_LV-high-res-600x595.jpg 600w, https:\/\/christian-tetzlaff.de\/wp-content\/uploads\/2016\/01\/Brahms_CT_LV-high-res-800x793.jpg 800w, https:\/\/christian-tetzlaff.de\/wp-content\/uploads\/2016\/01\/Brahms_CT_LV-high-res-1200x1190.jpg 1200w, https:\/\/christian-tetzlaff.de\/wp-content\/uploads\/2016\/01\/Brahms_CT_LV-high-res.jpg 1429w\" data-sizes=\"auto\" \/>\t\t\t<\/a>\n\t\t\t\t\t\t\t<\/div>\n<div class=\"fusion-portfolio-content\"><h2 class=\"entry-title fusion-post-title\"><a href=\"https:\/\/christian-tetzlaff.de\/en\/portfolio-items\/brahms-7\/\">Brahms<\/a><\/h2><div class=\"fusion-post-content\"><p>The Violin Sonatas<\/p>\n<p>Violinsonate Nr. 1 in -Dur, Op. 78<br \/>\nViolinsonate Nr. 2 in A-Dur, Op. 100<br \/>\nViolinsonate Nr. 3 in d-Moll, Op. 108<br \/>\nScherzo der F.A.E.-Sonate, WoO 2<\/p>\n<p>Christian Tetzlaff, Violine<br \/>\nLars Vogt, Klavier<\/p>\n<p>Ondine ODE 1284-2<br \/>\nEcho Klassik 2017<\/p>\n<p>&nbsp;<\/p>\n<\/div><\/div><\/div><\/article><article id=\"portfolio-1-post-3599\" class=\"fusion-portfolio-post brahms fusion-col-spacing post-3599\"><div class=\"fusion-portfolio-content-wrapper\" style=\"border:none;\"><span class=\"vcard rich-snippet-hidden\"><span class=\"fn\"><a href=\"https:\/\/christian-tetzlaff.de\/en\/author\/admin\/\" title=\"Posts by Christoph Ermisch\" rel=\"author\">Christoph Ermisch<\/a><\/span><\/span><span class=\"updated rich-snippet-hidden\">2023-06-14T10:14:07+00:00<\/span><div  class=\"fusion-image-wrapper\" aria-haspopup=\"true\">\n\t\t\t\t\t\t\t<a href=\"https:\/\/christian-tetzlaff.de\/en\/portfolio-items\/brahms-2\/\" aria-label=\"Brahms\">\n\t\t\t\t\t\t\t<img decoding=\"async\" width=\"547\" height=\"547\" src=\"https:\/\/christian-tetzlaff.de\/wp-content\/uploads\/2023\/05\/Brahms-Trio-CD.jpg\" class=\"attachment-full size-full lazyload wp-post-image\" alt=\"\" srcset=\"data:image\/svg+xml,%3Csvg%20xmlns%3D%27http%3A%2F%2Fwww.w3.org%2F2000%2Fsvg%27%20width%3D%27547%27%20height%3D%27547%27%20viewBox%3D%270%200%20547%20547%27%3E%3Crect%20width%3D%27547%27%20height%3D%27547%27%20fill-opacity%3D%220%22%2F%3E%3C%2Fsvg%3E\" data-orig-src=\"https:\/\/christian-tetzlaff.de\/wp-content\/uploads\/2023\/05\/Brahms-Trio-CD.jpg\" data-srcset=\"https:\/\/christian-tetzlaff.de\/wp-content\/uploads\/2023\/05\/Brahms-Trio-CD-200x200.jpg 200w, https:\/\/christian-tetzlaff.de\/wp-content\/uploads\/2023\/05\/Brahms-Trio-CD-400x400.jpg 400w, https:\/\/christian-tetzlaff.de\/wp-content\/uploads\/2023\/05\/Brahms-Trio-CD.jpg 547w\" data-sizes=\"auto\" \/>\t\t\t<\/a>\n\t\t\t\t\t\t\t<\/div>\n<div class=\"fusion-portfolio-content\"><h2 class=\"entry-title fusion-post-title\"><a href=\"https:\/\/christian-tetzlaff.de\/en\/portfolio-items\/brahms-2\/\">Brahms<\/a><\/h2><div class=\"fusion-post-content\"><p>The Piano Trios<\/p>\n<p>Piano Trio Nr. 2 in C-Dur, Op. 87<br \/>\nPiano Trio Nr. 3 in c-Moll, Op. 101<br \/>\nPiano Trio Nr. 1 in H-Dur, Op. 8<\/p>\n<p>Christian Tetzlaff, Violine<br \/>\nTanja Tetzlaff, Cello<br \/>\nLars Vogt, Klavier<\/p>\n<p>Nominiert f\u00fcr den Grammy Award<br \/>\n2016 ONDINE ODE 1271-2D<\/p>\n<\/div><\/div><\/div><\/article><article id=\"portfolio-1-post-2458\" class=\"fusion-portfolio-post mahler fusion-col-spacing post-2458\"><div class=\"fusion-portfolio-content-wrapper\" style=\"border:none;\"><span class=\"vcard rich-snippet-hidden\"><span class=\"fn\"><a href=\"https:\/\/christian-tetzlaff.de\/en\/author\/admin\/\" title=\"Posts by Christoph Ermisch\" rel=\"author\">Christoph Ermisch<\/a><\/span><\/span><span class=\"updated rich-snippet-hidden\">2023-06-14T10:14:07+00:00<\/span><div  class=\"fusion-image-wrapper\" aria-haspopup=\"true\">\n\t\t\t\t\t\t\t<a href=\"https:\/\/christian-tetzlaff.de\/en\/portfolio-items\/mahler-2\/\" aria-label=\"Mahler\">\n\t\t\t\t\t\t\t<img decoding=\"async\" width=\"339\" height=\"340\" src=\"https:\/\/christian-tetzlaff.de\/wp-content\/uploads\/2015\/08\/Mahler-cover-web.jpg\" class=\"attachment-full size-full lazyload wp-post-image\" alt=\"\" srcset=\"data:image\/svg+xml,%3Csvg%20xmlns%3D%27http%3A%2F%2Fwww.w3.org%2F2000%2Fsvg%27%20width%3D%27339%27%20height%3D%27340%27%20viewBox%3D%270%200%20339%20340%27%3E%3Crect%20width%3D%27339%27%20height%3D%27340%27%20fill-opacity%3D%220%22%2F%3E%3C%2Fsvg%3E\" data-orig-src=\"https:\/\/christian-tetzlaff.de\/wp-content\/uploads\/2015\/08\/Mahler-cover-web.jpg\" data-srcset=\"https:\/\/christian-tetzlaff.de\/wp-content\/uploads\/2015\/08\/Mahler-cover-web-200x201.jpg 200w, https:\/\/christian-tetzlaff.de\/wp-content\/uploads\/2015\/08\/Mahler-cover-web.jpg 339w\" data-sizes=\"auto\" \/>\t\t\t<\/a>\n\t\t\t\t\t\t\t<\/div>\n<div class=\"fusion-portfolio-content\"><h2 class=\"entry-title fusion-post-title\"><a href=\"https:\/\/christian-tetzlaff.de\/en\/portfolio-items\/mahler-2\/\">Mahler<\/a><\/h2><div class=\"fusion-post-content\"><p>Festival Ensemble Spannungen<\/p>\n<p>Live recording from Heimbach \/ Germany 2014<\/p>\n<p>&nbsp;<\/p>\n<p>Wins Mahler Record Prize 2015<\/p>\n<\/div><\/div><\/div><\/article><article id=\"portfolio-1-post-2424\" class=\"fusion-portfolio-post dutilleux fusion-col-spacing post-2424\"><div class=\"fusion-portfolio-content-wrapper\" style=\"border:none;\"><span class=\"vcard rich-snippet-hidden\"><span class=\"fn\"><a href=\"https:\/\/christian-tetzlaff.de\/en\/author\/admin\/\" title=\"Posts by Christoph Ermisch\" rel=\"author\">Christoph Ermisch<\/a><\/span><\/span><span class=\"updated rich-snippet-hidden\">2023-06-14T10:14:07+00:00<\/span><div  class=\"fusion-image-wrapper\" aria-haspopup=\"true\">\n\t\t\t\t\t\t\t<a href=\"https:\/\/christian-tetzlaff.de\/en\/portfolio-items\/dutilleux-2\/\" aria-label=\"Dutilleux\">\n\t\t\t\t\t\t\t<img decoding=\"async\" width=\"1423\" height=\"1411\" src=\"https:\/\/christian-tetzlaff.de\/wp-content\/uploads\/2015\/06\/cover-dutilleux-jarvi-erato.jpg\" class=\"attachment-full size-full lazyload wp-post-image\" alt=\"\" srcset=\"data:image\/svg+xml,%3Csvg%20xmlns%3D%27http%3A%2F%2Fwww.w3.org%2F2000%2Fsvg%27%20width%3D%271423%27%20height%3D%271411%27%20viewBox%3D%270%200%201423%201411%27%3E%3Crect%20width%3D%271423%27%20height%3D%271411%27%20fill-opacity%3D%220%22%2F%3E%3C%2Fsvg%3E\" data-orig-src=\"https:\/\/christian-tetzlaff.de\/wp-content\/uploads\/2015\/06\/cover-dutilleux-jarvi-erato.jpg\" data-srcset=\"https:\/\/christian-tetzlaff.de\/wp-content\/uploads\/2015\/06\/cover-dutilleux-jarvi-erato-200x198.jpg 200w, https:\/\/christian-tetzlaff.de\/wp-content\/uploads\/2015\/06\/cover-dutilleux-jarvi-erato-400x397.jpg 400w, https:\/\/christian-tetzlaff.de\/wp-content\/uploads\/2015\/06\/cover-dutilleux-jarvi-erato-600x595.jpg 600w, https:\/\/christian-tetzlaff.de\/wp-content\/uploads\/2015\/06\/cover-dutilleux-jarvi-erato-800x793.jpg 800w, https:\/\/christian-tetzlaff.de\/wp-content\/uploads\/2015\/06\/cover-dutilleux-jarvi-erato-1200x1190.jpg 1200w, https:\/\/christian-tetzlaff.de\/wp-content\/uploads\/2015\/06\/cover-dutilleux-jarvi-erato.jpg 1423w\" data-sizes=\"auto\" \/>\t\t\t<\/a>\n\t\t\t\t\t\t\t<\/div>\n<div class=\"fusion-portfolio-content\"><h2 class=\"entry-title fusion-post-title\"><a href=\"https:\/\/christian-tetzlaff.de\/en\/portfolio-items\/dutilleux-2\/\">Dutilleux<\/a><\/h2><div class=\"fusion-post-content\"><p>M\u00e9taboles<br \/>\nSur le m\u00e9me accord<br \/>\nSymphonie n\u00b0 1<\/p>\n<p>Orchestre De Paris<br \/>\nPaavo J\u00e4rvi<br \/>\nChristian Tetzlaff<\/p>\n<p>Preis Der Deutschen Schallplattenkritik<br \/>\nBestenliste 2\/2015<\/p>\n<\/div><\/div><\/div><\/article><article id=\"portfolio-1-post-662\" class=\"fusion-portfolio-post shostakovich fusion-col-spacing post-662\"><div class=\"fusion-portfolio-content-wrapper\" style=\"border:none;\"><span class=\"vcard rich-snippet-hidden\"><span class=\"fn\"><a href=\"https:\/\/christian-tetzlaff.de\/en\/author\/admin\/\" title=\"Posts by Christoph Ermisch\" rel=\"author\">Christoph Ermisch<\/a><\/span><\/span><span class=\"updated rich-snippet-hidden\">2023-06-14T10:14:07+00:00<\/span><div  class=\"fusion-image-wrapper\" aria-haspopup=\"true\">\n\t\t\t\t\t\t\t<a href=\"https:\/\/christian-tetzlaff.de\/en\/portfolio-items\/dmitri-shostakovich\/\" aria-label=\"Dmitri Shostakovich\">\n\t\t\t\t\t\t\t<img decoding=\"async\" width=\"250\" height=\"250\" src=\"https:\/\/christian-tetzlaff.de\/wp-content\/uploads\/2014\/12\/D_000.jpg\" class=\"attachment-full size-full lazyload wp-post-image\" alt=\"\" srcset=\"data:image\/svg+xml,%3Csvg%20xmlns%3D%27http%3A%2F%2Fwww.w3.org%2F2000%2Fsvg%27%20width%3D%27250%27%20height%3D%27250%27%20viewBox%3D%270%200%20250%20250%27%3E%3Crect%20width%3D%27250%27%20height%3D%27250%27%20fill-opacity%3D%220%22%2F%3E%3C%2Fsvg%3E\" data-orig-src=\"https:\/\/christian-tetzlaff.de\/wp-content\/uploads\/2014\/12\/D_000.jpg\" data-srcset=\"https:\/\/christian-tetzlaff.de\/wp-content\/uploads\/2014\/12\/D_000-200x200.jpg 200w, https:\/\/christian-tetzlaff.de\/wp-content\/uploads\/2014\/12\/D_000.jpg 250w\" data-sizes=\"auto\" \/>\t\t\t<\/a>\n\t\t\t\t\t\t\t<\/div>\n<div class=\"fusion-portfolio-content\"><h2 class=\"entry-title fusion-post-title\"><a href=\"https:\/\/christian-tetzlaff.de\/en\/portfolio-items\/dmitri-shostakovich\/\">Dmitri Shostakovich<\/a><\/h2><div class=\"fusion-post-content\"><p>Christian Tetzlaff, Helsinki Philharmonic Orchestra,<br \/>\nJohn Storg\u00e5rds<\/p>\n<p><a href=\"https:\/\/ondine.lnk.to\/ODE12392OW!CT\">ONDINE, ODE 1239-2<\/a><\/p>\n<\/div><\/div><\/div><\/article><article id=\"portfolio-1-post-657\" class=\"fusion-portfolio-post fusion-col-spacing post-657\"><div class=\"fusion-portfolio-content-wrapper\" style=\"border:none;\"><span class=\"vcard rich-snippet-hidden\"><span class=\"fn\"><a href=\"https:\/\/christian-tetzlaff.de\/en\/author\/admin\/\" title=\"Posts by Christoph Ermisch\" rel=\"author\">Christoph Ermisch<\/a><\/span><\/span><span class=\"updated rich-snippet-hidden\">2023-06-14T10:14:07+00:00<\/span><div  class=\"fusion-image-wrapper\" aria-haspopup=\"true\">\n\t\t\t\t\t\t\t<a href=\"https:\/\/christian-tetzlaff.de\/en\/portfolio-items\/joerg-widmann\/\" aria-label=\"J\u00f6rg Widmann\">\n\t\t\t\t\t\t\t<img decoding=\"async\" width=\"250\" height=\"250\" src=\"https:\/\/christian-tetzlaff.de\/wp-content\/uploads\/2014\/12\/D_001.jpg\" class=\"attachment-full size-full lazyload wp-post-image\" alt=\"\" srcset=\"data:image\/svg+xml,%3Csvg%20xmlns%3D%27http%3A%2F%2Fwww.w3.org%2F2000%2Fsvg%27%20width%3D%27250%27%20height%3D%27250%27%20viewBox%3D%270%200%20250%20250%27%3E%3Crect%20width%3D%27250%27%20height%3D%27250%27%20fill-opacity%3D%220%22%2F%3E%3C%2Fsvg%3E\" data-orig-src=\"https:\/\/christian-tetzlaff.de\/wp-content\/uploads\/2014\/12\/D_001.jpg\" data-srcset=\"https:\/\/christian-tetzlaff.de\/wp-content\/uploads\/2014\/12\/D_001-200x200.jpg 200w, https:\/\/christian-tetzlaff.de\/wp-content\/uploads\/2014\/12\/D_001.jpg 250w\" data-sizes=\"auto\" \/>\t\t\t<\/a>\n\t\t\t\t\t\t\t<\/div>\n<div class=\"fusion-portfolio-content\"><h2 class=\"entry-title fusion-post-title\"><a href=\"https:\/\/christian-tetzlaff.de\/en\/portfolio-items\/joerg-widmann\/\">J\u00f6rg Widmann<\/a><\/h2><div class=\"fusion-post-content\"><p>Swedish Radio Symphony Orchestra<br \/>\nDaniel Harding<\/p>\n<p><a href=\"https:\/\/ondine.lnk.to\/ODE12152OW!CT\">ONDINE, ODE 1215-2<\/a><\/p>\n<\/div><\/div><\/div><\/article><article id=\"portfolio-1-post-2272\" class=\"fusion-portfolio-post schumann fusion-col-spacing post-2272\"><div class=\"fusion-portfolio-content-wrapper\" style=\"border:none;\"><span class=\"vcard rich-snippet-hidden\"><span class=\"fn\"><a href=\"https:\/\/christian-tetzlaff.de\/en\/author\/admin\/\" title=\"Posts by Christoph Ermisch\" rel=\"author\">Christoph Ermisch<\/a><\/span><\/span><span class=\"updated rich-snippet-hidden\">2023-06-14T10:14:08+00:00<\/span><div  class=\"fusion-image-wrapper\" aria-haspopup=\"true\">\n\t\t\t\t\t\t\t<a href=\"https:\/\/christian-tetzlaff.de\/en\/portfolio-items\/schumann-4\/\" aria-label=\"Robert Schumann\">\n\t\t\t\t\t\t\t<img decoding=\"async\" width=\"1417\" height=\"1417\" src=\"https:\/\/christian-tetzlaff.de\/wp-content\/uploads\/2014\/12\/Schumann.jpg\" class=\"attachment-full size-full lazyload wp-post-image\" alt=\"\" srcset=\"data:image\/svg+xml,%3Csvg%20xmlns%3D%27http%3A%2F%2Fwww.w3.org%2F2000%2Fsvg%27%20width%3D%271417%27%20height%3D%271417%27%20viewBox%3D%270%200%201417%201417%27%3E%3Crect%20width%3D%271417%27%20height%3D%271417%27%20fill-opacity%3D%220%22%2F%3E%3C%2Fsvg%3E\" data-orig-src=\"https:\/\/christian-tetzlaff.de\/wp-content\/uploads\/2014\/12\/Schumann.jpg\" data-srcset=\"https:\/\/christian-tetzlaff.de\/wp-content\/uploads\/2014\/12\/Schumann-200x200.jpg 200w, https:\/\/christian-tetzlaff.de\/wp-content\/uploads\/2014\/12\/Schumann-400x400.jpg 400w, https:\/\/christian-tetzlaff.de\/wp-content\/uploads\/2014\/12\/Schumann-600x600.jpg 600w, https:\/\/christian-tetzlaff.de\/wp-content\/uploads\/2014\/12\/Schumann-800x800.jpg 800w, https:\/\/christian-tetzlaff.de\/wp-content\/uploads\/2014\/12\/Schumann-1200x1200.jpg 1200w, https:\/\/christian-tetzlaff.de\/wp-content\/uploads\/2014\/12\/Schumann.jpg 1417w\" data-sizes=\"auto\" \/>\t\t\t<\/a>\n\t\t\t\t\t\t\t<\/div>\n<div class=\"fusion-portfolio-content\"><h2 class=\"entry-title fusion-post-title\"><a href=\"https:\/\/christian-tetzlaff.de\/en\/portfolio-items\/schumann-4\/\">Robert Schumann<\/a><\/h2><div class=\"fusion-post-content\"><p>Christian Tetzlaff &#8211; Lars Vogt<\/p>\n<p><a href=\"https:\/\/Ondine.lnk.to\/ODE12052OW!CT\">ONDINE ODE 1205-2<\/a><\/p>\n<\/div><\/div><\/div><\/article><article id=\"portfolio-1-post-646\" class=\"fusion-portfolio-post mendelssohn schumann fusion-col-spacing post-646\"><div class=\"fusion-portfolio-content-wrapper\" style=\"border:none;\"><span class=\"vcard rich-snippet-hidden\"><span class=\"fn\"><a href=\"https:\/\/christian-tetzlaff.de\/en\/author\/admin\/\" title=\"Posts by Christoph Ermisch\" rel=\"author\">Christoph Ermisch<\/a><\/span><\/span><span class=\"updated rich-snippet-hidden\">2023-06-14T10:14:08+00:00<\/span><div  class=\"fusion-image-wrapper\" aria-haspopup=\"true\">\n\t\t\t\t\t\t\t<a href=\"https:\/\/christian-tetzlaff.de\/en\/portfolio-items\/mendelssohn-schumann-2\/\" aria-label=\"Mendelssohn &#038; Schumann\">\n\t\t\t\t\t\t\t<img decoding=\"async\" width=\"250\" height=\"250\" src=\"https:\/\/christian-tetzlaff.de\/wp-content\/uploads\/2014\/12\/D_0032.jpg\" class=\"attachment-full size-full lazyload wp-post-image\" alt=\"\" srcset=\"data:image\/svg+xml,%3Csvg%20xmlns%3D%27http%3A%2F%2Fwww.w3.org%2F2000%2Fsvg%27%20width%3D%27250%27%20height%3D%27250%27%20viewBox%3D%270%200%20250%20250%27%3E%3Crect%20width%3D%27250%27%20height%3D%27250%27%20fill-opacity%3D%220%22%2F%3E%3C%2Fsvg%3E\" data-orig-src=\"https:\/\/christian-tetzlaff.de\/wp-content\/uploads\/2014\/12\/D_0032.jpg\" data-srcset=\"https:\/\/christian-tetzlaff.de\/wp-content\/uploads\/2014\/12\/D_0032-200x200.jpg 200w, https:\/\/christian-tetzlaff.de\/wp-content\/uploads\/2014\/12\/D_0032.jpg 250w\" data-sizes=\"auto\" \/>\t\t\t<\/a>\n\t\t\t\t\t\t\t<\/div>\n<div class=\"fusion-portfolio-content\"><h2 class=\"entry-title fusion-post-title\"><a href=\"https:\/\/christian-tetzlaff.de\/en\/portfolio-items\/mendelssohn-schumann-2\/\">Mendelssohn &#038; Schumann<\/a><\/h2><div class=\"fusion-post-content\"><p>Frankfurt Radio Symphony Orchestra, Paavo J\u00e4rvi<br \/>\nChristian Tetzlaff<\/p>\n<p>Preis der deutschen Schallplattenkritik<br \/>\nBestenliste 1\/2012<\/p>\n<\/div><\/div><\/div><\/article><article id=\"portfolio-1-post-2169\" class=\"fusion-portfolio-post berg mendelssohn fusion-col-spacing post-2169\"><div class=\"fusion-portfolio-content-wrapper\" style=\"border:none;\"><span class=\"vcard rich-snippet-hidden\"><span class=\"fn\"><a href=\"https:\/\/christian-tetzlaff.de\/en\/author\/admin\/\" title=\"Posts by Christoph Ermisch\" rel=\"author\">Christoph Ermisch<\/a><\/span><\/span><span class=\"updated rich-snippet-hidden\">2023-06-14T10:14:08+00:00<\/span><div  class=\"fusion-image-wrapper\" aria-haspopup=\"true\">\n\t\t\t\t\t\t\t<a href=\"https:\/\/christian-tetzlaff.de\/en\/portfolio-items\/mendelssohn-berg-2\/\" aria-label=\"Mendelssohn &#8211; Berg\">\n\t\t\t\t\t\t\t<img decoding=\"async\" width=\"600\" height=\"600\" src=\"https:\/\/christian-tetzlaff.de\/wp-content\/uploads\/2014\/12\/Mendelssohn-Berg1.jpg\" class=\"attachment-full size-full lazyload wp-post-image\" alt=\"\" srcset=\"data:image\/svg+xml,%3Csvg%20xmlns%3D%27http%3A%2F%2Fwww.w3.org%2F2000%2Fsvg%27%20width%3D%27600%27%20height%3D%27600%27%20viewBox%3D%270%200%20600%20600%27%3E%3Crect%20width%3D%27600%27%20height%3D%27600%27%20fill-opacity%3D%220%22%2F%3E%3C%2Fsvg%3E\" data-orig-src=\"https:\/\/christian-tetzlaff.de\/wp-content\/uploads\/2014\/12\/Mendelssohn-Berg1.jpg\" data-srcset=\"https:\/\/christian-tetzlaff.de\/wp-content\/uploads\/2014\/12\/Mendelssohn-Berg1-200x200.jpg 200w, https:\/\/christian-tetzlaff.de\/wp-content\/uploads\/2014\/12\/Mendelssohn-Berg1-400x400.jpg 400w, https:\/\/christian-tetzlaff.de\/wp-content\/uploads\/2014\/12\/Mendelssohn-Berg1.jpg 600w\" data-sizes=\"auto\" \/>\t\t\t<\/a>\n\t\t\t\t\t\t\t<\/div>\n<div class=\"fusion-portfolio-content\"><h2 class=\"entry-title fusion-post-title\"><a href=\"https:\/\/christian-tetzlaff.de\/en\/portfolio-items\/mendelssohn-berg-2\/\">Mendelssohn &#8211; Berg<\/a><\/h2><div class=\"fusion-post-content\"><p>Mendelssohn Quartet Op. 13<br \/>\nBerg Lyric Suite<\/p>\n<p>Diapason d&#8217;Or March 2015<br \/>\n<a title=\"CAvi Music\" href=\"http:\/\/www.avi-music.de\/\" target=\"_blank\" rel=\"noopener\">CAvi 8553266<\/a><\/p>\n<\/div><\/div><\/div><\/article><article id=\"portfolio-1-post-640\" class=\"fusion-portfolio-post schumann fusion-col-spacing post-640\"><div class=\"fusion-portfolio-content-wrapper\" style=\"border:none;\"><span class=\"vcard rich-snippet-hidden\"><span class=\"fn\"><a href=\"https:\/\/christian-tetzlaff.de\/en\/author\/admin\/\" title=\"Posts by Christoph Ermisch\" rel=\"author\">Christoph Ermisch<\/a><\/span><\/span><span class=\"updated rich-snippet-hidden\">2023-06-14T10:14:08+00:00<\/span><div  class=\"fusion-image-wrapper\" aria-haspopup=\"true\">\n\t\t\t\t\t\t\t<a href=\"https:\/\/christian-tetzlaff.de\/en\/portfolio-items\/schumann\/\" aria-label=\"Schumann\">\n\t\t\t\t\t\t\t<img decoding=\"async\" width=\"250\" height=\"250\" src=\"https:\/\/christian-tetzlaff.de\/wp-content\/uploads\/2014\/12\/D_0042.jpg\" class=\"attachment-full size-full lazyload wp-post-image\" alt=\"\" srcset=\"data:image\/svg+xml,%3Csvg%20xmlns%3D%27http%3A%2F%2Fwww.w3.org%2F2000%2Fsvg%27%20width%3D%27250%27%20height%3D%27250%27%20viewBox%3D%270%200%20250%20250%27%3E%3Crect%20width%3D%27250%27%20height%3D%27250%27%20fill-opacity%3D%220%22%2F%3E%3C%2Fsvg%3E\" data-orig-src=\"https:\/\/christian-tetzlaff.de\/wp-content\/uploads\/2014\/12\/D_0042.jpg\" data-srcset=\"https:\/\/christian-tetzlaff.de\/wp-content\/uploads\/2014\/12\/D_0042-200x200.jpg 200w, https:\/\/christian-tetzlaff.de\/wp-content\/uploads\/2014\/12\/D_0042.jpg 250w\" data-sizes=\"auto\" \/>\t\t\t<\/a>\n\t\t\t\t\t\t\t<\/div>\n<div class=\"fusion-portfolio-content\"><h2 class=\"entry-title fusion-post-title\"><a href=\"https:\/\/christian-tetzlaff.de\/en\/portfolio-items\/schumann\/\">Schumann<\/a><\/h2><div class=\"fusion-post-content\"><p>Christian Tetzlaff, Violine, Tanja Tetzlaff, Violoncello<br \/>\nLeif Ove Andsnes, Klavier<\/p>\n<p>Preis der deutschen Schallplattenkritik<br \/>\nBestenliste 3\/2011 &#8220;Kammermusik&#8221;<\/p>\n<\/div><\/div><\/div><\/article><article id=\"portfolio-1-post-634\" class=\"fusion-portfolio-post schoenberg sibelius fusion-col-spacing post-634\"><div class=\"fusion-portfolio-content-wrapper\" style=\"border:none;\"><span class=\"vcard rich-snippet-hidden\"><span class=\"fn\"><a href=\"https:\/\/christian-tetzlaff.de\/en\/author\/admin\/\" title=\"Posts by Christoph Ermisch\" rel=\"author\">Christoph Ermisch<\/a><\/span><\/span><span class=\"updated rich-snippet-hidden\">2023-06-14T10:14:08+00:00<\/span><div  class=\"fusion-image-wrapper\" aria-haspopup=\"true\">\n\t\t\t\t\t\t\t<a href=\"https:\/\/christian-tetzlaff.de\/en\/portfolio-items\/sibelius-schoenberg\/\" aria-label=\"Sibelius &#8211; Sch\u00f6nberg\">\n\t\t\t\t\t\t\t<img decoding=\"async\" width=\"250\" height=\"250\" src=\"https:\/\/christian-tetzlaff.de\/wp-content\/uploads\/2014\/12\/D_0051.jpg\" class=\"attachment-full size-full lazyload wp-post-image\" alt=\"\" srcset=\"data:image\/svg+xml,%3Csvg%20xmlns%3D%27http%3A%2F%2Fwww.w3.org%2F2000%2Fsvg%27%20width%3D%27250%27%20height%3D%27250%27%20viewBox%3D%270%200%20250%20250%27%3E%3Crect%20width%3D%27250%27%20height%3D%27250%27%20fill-opacity%3D%220%22%2F%3E%3C%2Fsvg%3E\" data-orig-src=\"https:\/\/christian-tetzlaff.de\/wp-content\/uploads\/2014\/12\/D_0051.jpg\" data-srcset=\"https:\/\/christian-tetzlaff.de\/wp-content\/uploads\/2014\/12\/D_0051-200x200.jpg 200w, https:\/\/christian-tetzlaff.de\/wp-content\/uploads\/2014\/12\/D_0051.jpg 250w\" data-sizes=\"auto\" \/>\t\t\t<\/a>\n\t\t\t\t\t\t\t<\/div>\n<div class=\"fusion-portfolio-content\"><h2 class=\"entry-title fusion-post-title\"><a href=\"https:\/\/christian-tetzlaff.de\/en\/portfolio-items\/sibelius-schoenberg\/\">Sibelius &#8211; Sch\u00f6nberg<\/a><\/h2><div class=\"fusion-post-content\"><p>Jean Sibelius D-moll op. 56 VOCES INTIMAE,<br \/>\nArnold Sch\u00f6nberg Streichquartett in D-moll op. 7<\/p>\n<p>Tetzlaff Quartett<\/p>\n<\/div><\/div><\/div><\/article><article id=\"portfolio-1-post-628\" class=\"fusion-portfolio-post szymanowski fusion-col-spacing post-628\"><div class=\"fusion-portfolio-content-wrapper\" style=\"border:none;\"><span class=\"vcard rich-snippet-hidden\"><span class=\"fn\"><a href=\"https:\/\/christian-tetzlaff.de\/en\/author\/admin\/\" title=\"Posts by Christoph Ermisch\" rel=\"author\">Christoph Ermisch<\/a><\/span><\/span><span class=\"updated rich-snippet-hidden\">2023-06-14T10:14:09+00:00<\/span><div  class=\"fusion-image-wrapper\" aria-haspopup=\"true\">\n\t\t\t\t\t\t\t<a href=\"https:\/\/christian-tetzlaff.de\/en\/portfolio-items\/karol-szymanowski\/\" aria-label=\"Karol Szymanowski\">\n\t\t\t\t\t\t\t<img decoding=\"async\" width=\"250\" height=\"250\" src=\"https:\/\/christian-tetzlaff.de\/wp-content\/uploads\/2014\/12\/D_0062.jpg\" class=\"attachment-full size-full lazyload wp-post-image\" alt=\"\" srcset=\"data:image\/svg+xml,%3Csvg%20xmlns%3D%27http%3A%2F%2Fwww.w3.org%2F2000%2Fsvg%27%20width%3D%27250%27%20height%3D%27250%27%20viewBox%3D%270%200%20250%20250%27%3E%3Crect%20width%3D%27250%27%20height%3D%27250%27%20fill-opacity%3D%220%22%2F%3E%3C%2Fsvg%3E\" data-orig-src=\"https:\/\/christian-tetzlaff.de\/wp-content\/uploads\/2014\/12\/D_0062.jpg\" data-srcset=\"https:\/\/christian-tetzlaff.de\/wp-content\/uploads\/2014\/12\/D_0062-200x200.jpg 200w, https:\/\/christian-tetzlaff.de\/wp-content\/uploads\/2014\/12\/D_0062.jpg 250w\" data-sizes=\"auto\" \/>\t\t\t<\/a>\n\t\t\t\t\t\t\t<\/div>\n<div class=\"fusion-portfolio-content\"><h2 class=\"entry-title fusion-post-title\"><a href=\"https:\/\/christian-tetzlaff.de\/en\/portfolio-items\/karol-szymanowski\/\">Karol Szymanowski<\/a><\/h2><div class=\"fusion-post-content\"><p>Christian Tetzlaff<br \/>\nWiener Philharmoniker \/ Pierre Boulez<\/p>\n<p>DEUTSCHE GRAMMOPHON CD 477 877<\/p>\n<\/div><\/div><\/div><\/article><article id=\"portfolio-1-post-618\" class=\"fusion-portfolio-post shostakovich tchaikovsky fusion-col-spacing post-618\"><div class=\"fusion-portfolio-content-wrapper\" style=\"border:none;\"><span class=\"vcard rich-snippet-hidden\"><span class=\"fn\"><a href=\"https:\/\/christian-tetzlaff.de\/en\/author\/admin\/\" title=\"Posts by Christoph Ermisch\" rel=\"author\">Christoph Ermisch<\/a><\/span><\/span><span class=\"updated rich-snippet-hidden\">2023-06-14T10:14:09+00:00<\/span><div  class=\"fusion-image-wrapper\" aria-haspopup=\"true\">\n\t\t\t\t\t\t\t<a href=\"https:\/\/christian-tetzlaff.de\/en\/portfolio-items\/tchaikovsky-shostakovich\/\" aria-label=\"Tchaikovsky \/ Shostakovich\">\n\t\t\t\t\t\t\t<img decoding=\"async\" width=\"250\" height=\"250\" src=\"https:\/\/christian-tetzlaff.de\/wp-content\/uploads\/2014\/12\/D_0071.jpg\" class=\"attachment-full size-full lazyload wp-post-image\" alt=\"\" srcset=\"data:image\/svg+xml,%3Csvg%20xmlns%3D%27http%3A%2F%2Fwww.w3.org%2F2000%2Fsvg%27%20width%3D%27250%27%20height%3D%27250%27%20viewBox%3D%270%200%20250%20250%27%3E%3Crect%20width%3D%27250%27%20height%3D%27250%27%20fill-opacity%3D%220%22%2F%3E%3C%2Fsvg%3E\" data-orig-src=\"https:\/\/christian-tetzlaff.de\/wp-content\/uploads\/2014\/12\/D_0071.jpg\" data-srcset=\"https:\/\/christian-tetzlaff.de\/wp-content\/uploads\/2014\/12\/D_0071-200x200.jpg 200w, https:\/\/christian-tetzlaff.de\/wp-content\/uploads\/2014\/12\/D_0071.jpg 250w\" data-sizes=\"auto\" \/>\t\t\t<\/a>\n\t\t\t\t\t\t\t<\/div>\n<div class=\"fusion-portfolio-content\"><h2 class=\"entry-title fusion-post-title\"><a href=\"https:\/\/christian-tetzlaff.de\/en\/portfolio-items\/tchaikovsky-shostakovich\/\">Tchaikovsky \/ Shostakovich<\/a><\/h2><div class=\"fusion-post-content\"><p><strong>Tchaikovsky<\/strong><br \/>\nString Quartet for two violins, viola and cello in E flat minor No. 3 op-30, Christian Tetzlaff&amp;Antje Weithaas, Violine, Tatjana Maurenko, Viola, Gustav Rivinius, Cello<\/p>\n<p><strong>Shostakovich<\/strong><br \/>\nTrio for piano, violin and cello in E minor No. 2 op. 67<br \/>\nCAvi 8553224, Christian Tetzlaff, Violine, Tanja Tetzlaff, Violoncello, Lars Vogt, Klavier<\/p>\n<\/div><\/div><\/div><\/article><article id=\"portfolio-1-post-613\" class=\"fusion-portfolio-post berg fusion-col-spacing post-613\"><div class=\"fusion-portfolio-content-wrapper\" style=\"border:none;\"><span class=\"vcard rich-snippet-hidden\"><span class=\"fn\"><a href=\"https:\/\/christian-tetzlaff.de\/en\/author\/admin\/\" title=\"Posts by Christoph Ermisch\" rel=\"author\">Christoph Ermisch<\/a><\/span><\/span><span class=\"updated rich-snippet-hidden\">2023-06-14T10:14:09+00:00<\/span><div  class=\"fusion-image-wrapper\" aria-haspopup=\"true\">\n\t\t\t\t\t\t\t<a href=\"https:\/\/christian-tetzlaff.de\/en\/portfolio-items\/alban-berg\/\" aria-label=\"Alban Berg\">\n\t\t\t\t\t\t\t<img decoding=\"async\" width=\"250\" height=\"250\" src=\"https:\/\/christian-tetzlaff.de\/wp-content\/uploads\/2014\/12\/D_0081.jpg\" class=\"attachment-full size-full lazyload wp-post-image\" alt=\"\" srcset=\"data:image\/svg+xml,%3Csvg%20xmlns%3D%27http%3A%2F%2Fwww.w3.org%2F2000%2Fsvg%27%20width%3D%27250%27%20height%3D%27250%27%20viewBox%3D%270%200%20250%20250%27%3E%3Crect%20width%3D%27250%27%20height%3D%27250%27%20fill-opacity%3D%220%22%2F%3E%3C%2Fsvg%3E\" data-orig-src=\"https:\/\/christian-tetzlaff.de\/wp-content\/uploads\/2014\/12\/D_0081.jpg\" data-srcset=\"https:\/\/christian-tetzlaff.de\/wp-content\/uploads\/2014\/12\/D_0081-200x200.jpg 200w, https:\/\/christian-tetzlaff.de\/wp-content\/uploads\/2014\/12\/D_0081.jpg 250w\" data-sizes=\"auto\" \/>\t\t\t<\/a>\n\t\t\t\t\t\t\t<\/div>\n<div class=\"fusion-portfolio-content\"><h2 class=\"entry-title fusion-post-title\"><a href=\"https:\/\/christian-tetzlaff.de\/en\/portfolio-items\/alban-berg\/\">Alban Berg<\/a><\/h2><div class=\"fusion-post-content\"><p>Kammerkonzert f\u00fcr Klavier und Geige mit 13 Bl\u00e4sern<\/p>\n<p>Mitsuko Uchida \/ Christian Tetzlaff Ensemble Intercontemporain \/ Pierre Boulez<\/p>\n<p>DECCA CD 478 031-6<\/p>\n<\/div><\/div><\/div><\/article><article id=\"portfolio-1-post-3375\" class=\"fusion-portfolio-post tchaikovsky fusion-col-spacing post-3375\"><div class=\"fusion-portfolio-content-wrapper\" style=\"border:none;\"><span class=\"vcard rich-snippet-hidden\"><span class=\"fn\"><a href=\"https:\/\/christian-tetzlaff.de\/en\/author\/admin\/\" title=\"Posts by Christoph Ermisch\" rel=\"author\">Christoph Ermisch<\/a><\/span><\/span><span class=\"updated rich-snippet-hidden\">2023-06-14T10:14:09+00:00<\/span><div  class=\"fusion-image-wrapper\" aria-haspopup=\"true\">\n\t\t\t\t\t\t\t<a href=\"https:\/\/christian-tetzlaff.de\/en\/portfolio-items\/tschaikowsky-3\/\" aria-label=\"Tschaikovsky\">\n\t\t\t\t\t\t\t<img decoding=\"async\" width=\"250\" height=\"250\" src=\"https:\/\/christian-tetzlaff.de\/wp-content\/uploads\/2014\/12\/D_0092.jpg\" class=\"attachment-full size-full lazyload wp-post-image\" alt=\"\" srcset=\"data:image\/svg+xml,%3Csvg%20xmlns%3D%27http%3A%2F%2Fwww.w3.org%2F2000%2Fsvg%27%20width%3D%27250%27%20height%3D%27250%27%20viewBox%3D%270%200%20250%20250%27%3E%3Crect%20width%3D%27250%27%20height%3D%27250%27%20fill-opacity%3D%220%22%2F%3E%3C%2Fsvg%3E\" data-orig-src=\"https:\/\/christian-tetzlaff.de\/wp-content\/uploads\/2014\/12\/D_0092.jpg\" data-srcset=\"https:\/\/christian-tetzlaff.de\/wp-content\/uploads\/2014\/12\/D_0092-200x200.jpg 200w, https:\/\/christian-tetzlaff.de\/wp-content\/uploads\/2014\/12\/D_0092.jpg 250w\" data-sizes=\"auto\" \/>\t\t\t<\/a>\n\t\t\t\t\t\t\t<\/div>\n<div class=\"fusion-portfolio-content\"><h2 class=\"entry-title fusion-post-title\"><a href=\"https:\/\/christian-tetzlaff.de\/en\/portfolio-items\/tschaikowsky-3\/\">Tschaikovsky<\/a><\/h2><div class=\"fusion-post-content\"><p>Konzert f\u00fcr Violine und Orchester D-Dur op. 35<\/p>\n<p>Deutsche Grammophone Live from Symphony Hall, Birmingham<\/p>\n<p>Only available as digital download<\/p>\n<\/div><\/div><\/div><\/article><article id=\"portfolio-1-post-600\" class=\"fusion-portfolio-post brahms joachim fusion-col-spacing post-600\"><div class=\"fusion-portfolio-content-wrapper\" style=\"border:none;\"><span class=\"vcard rich-snippet-hidden\"><span class=\"fn\"><a href=\"https:\/\/christian-tetzlaff.de\/en\/author\/admin\/\" title=\"Posts by Christoph Ermisch\" rel=\"author\">Christoph Ermisch<\/a><\/span><\/span><span class=\"updated rich-snippet-hidden\">2023-06-14T10:14:09+00:00<\/span><div  class=\"fusion-image-wrapper\" aria-haspopup=\"true\">\n\t\t\t\t\t\t\t<a href=\"https:\/\/christian-tetzlaff.de\/en\/portfolio-items\/brahms-joachim\/\" aria-label=\"Brahms \/ Joachim\">\n\t\t\t\t\t\t\t<img decoding=\"async\" width=\"250\" height=\"250\" src=\"https:\/\/christian-tetzlaff.de\/wp-content\/uploads\/2014\/12\/D_0102.jpg\" class=\"attachment-full size-full lazyload wp-post-image\" alt=\"\" srcset=\"data:image\/svg+xml,%3Csvg%20xmlns%3D%27http%3A%2F%2Fwww.w3.org%2F2000%2Fsvg%27%20width%3D%27250%27%20height%3D%27250%27%20viewBox%3D%270%200%20250%20250%27%3E%3Crect%20width%3D%27250%27%20height%3D%27250%27%20fill-opacity%3D%220%22%2F%3E%3C%2Fsvg%3E\" data-orig-src=\"https:\/\/christian-tetzlaff.de\/wp-content\/uploads\/2014\/12\/D_0102.jpg\" data-srcset=\"https:\/\/christian-tetzlaff.de\/wp-content\/uploads\/2014\/12\/D_0102-200x200.jpg 200w, https:\/\/christian-tetzlaff.de\/wp-content\/uploads\/2014\/12\/D_0102.jpg 250w\" data-sizes=\"auto\" \/>\t\t\t<\/a>\n\t\t\t\t\t\t\t<\/div>\n<div class=\"fusion-portfolio-content\"><h2 class=\"entry-title fusion-post-title\"><a href=\"https:\/\/christian-tetzlaff.de\/en\/portfolio-items\/brahms-joachim\/\">Brahms \/ Joachim<\/a><\/h2><div class=\"fusion-post-content\"><p><strong>Brahms<br \/>\n<\/strong>Violinkonzert D-Dur op. 77<\/p>\n<p><strong>Joachim<\/strong><br \/>\nViolinkonzert Nr. 2 D-moll op. 11<\/p>\n<p>Preis der deutschen Schallplattenkritik<br \/>\nBestenliste 2\/2008<\/p>\n<p>VIRGIN Classics 502109 2<\/p>\n<\/div><\/div><\/div><\/article><article id=\"portfolio-1-post-3374\" class=\"fusion-portfolio-post bartok fusion-col-spacing post-3374\"><div class=\"fusion-portfolio-content-wrapper\" style=\"border:none;\"><span class=\"vcard rich-snippet-hidden\"><span class=\"fn\"><a href=\"https:\/\/christian-tetzlaff.de\/en\/author\/admin\/\" title=\"Posts by Christoph Ermisch\" rel=\"author\">Christoph Ermisch<\/a><\/span><\/span><span class=\"updated rich-snippet-hidden\">2023-06-14T10:14:10+00:00<\/span><div  class=\"fusion-image-wrapper\" aria-haspopup=\"true\">\n\t\t\t\t\t\t\t<a href=\"https:\/\/christian-tetzlaff.de\/en\/portfolio-items\/bartok\/\" aria-label=\"Bart\u00f3k\">\n\t\t\t\t\t\t\t<img decoding=\"async\" width=\"250\" height=\"250\" src=\"https:\/\/christian-tetzlaff.de\/wp-content\/uploads\/2014\/12\/D_0132.jpg\" class=\"attachment-full size-full lazyload wp-post-image\" alt=\"\" srcset=\"data:image\/svg+xml,%3Csvg%20xmlns%3D%27http%3A%2F%2Fwww.w3.org%2F2000%2Fsvg%27%20width%3D%27250%27%20height%3D%27250%27%20viewBox%3D%270%200%20250%20250%27%3E%3Crect%20width%3D%27250%27%20height%3D%27250%27%20fill-opacity%3D%220%22%2F%3E%3C%2Fsvg%3E\" data-orig-src=\"https:\/\/christian-tetzlaff.de\/wp-content\/uploads\/2014\/12\/D_0132.jpg\" data-srcset=\"https:\/\/christian-tetzlaff.de\/wp-content\/uploads\/2014\/12\/D_0132-200x200.jpg 200w, https:\/\/christian-tetzlaff.de\/wp-content\/uploads\/2014\/12\/D_0132.jpg 250w\" data-sizes=\"auto\" \/>\t\t\t<\/a>\n\t\t\t\t\t\t\t<\/div>\n<div class=\"fusion-portfolio-content\"><h2 class=\"entry-title fusion-post-title\"><a href=\"https:\/\/christian-tetzlaff.de\/en\/portfolio-items\/bartok\/\">Bart\u00f3k<\/a><\/h2><div class=\"fusion-post-content\"><p>Violin Sonatas<br \/>\nSonate f\u00fcr Violine solo, Leif Ove Andsnes<\/p>\n<p>Edison Award in 2006 Grammy Nominierung in 2006<\/p>\n<p>Virgin\/EMI CD 5 45668 2<\/p>\n<\/div><\/div><\/div><\/article><article id=\"portfolio-1-post-3373\" class=\"fusion-portfolio-post brahms fusion-col-spacing post-3373\"><div class=\"fusion-portfolio-content-wrapper\" style=\"border:none;\"><span class=\"vcard rich-snippet-hidden\"><span class=\"fn\"><a href=\"https:\/\/christian-tetzlaff.de\/en\/author\/admin\/\" title=\"Posts by Christoph Ermisch\" rel=\"author\">Christoph Ermisch<\/a><\/span><\/span><span class=\"updated rich-snippet-hidden\">2023-06-14T10:14:10+00:00<\/span><div  class=\"fusion-image-wrapper\" aria-haspopup=\"true\">\n\t\t\t\t\t\t\t<a href=\"https:\/\/christian-tetzlaff.de\/en\/portfolio-items\/brahms-3\/\" aria-label=\"Brahms\">\n\t\t\t\t\t\t\t<img decoding=\"async\" width=\"250\" height=\"250\" src=\"https:\/\/christian-tetzlaff.de\/wp-content\/uploads\/2014\/12\/D_0142.jpg\" class=\"attachment-full size-full lazyload wp-post-image\" alt=\"\" srcset=\"data:image\/svg+xml,%3Csvg%20xmlns%3D%27http%3A%2F%2Fwww.w3.org%2F2000%2Fsvg%27%20width%3D%27250%27%20height%3D%27250%27%20viewBox%3D%270%200%20250%20250%27%3E%3Crect%20width%3D%27250%27%20height%3D%27250%27%20fill-opacity%3D%220%22%2F%3E%3C%2Fsvg%3E\" data-orig-src=\"https:\/\/christian-tetzlaff.de\/wp-content\/uploads\/2014\/12\/D_0142.jpg\" data-srcset=\"https:\/\/christian-tetzlaff.de\/wp-content\/uploads\/2014\/12\/D_0142-200x200.jpg 200w, https:\/\/christian-tetzlaff.de\/wp-content\/uploads\/2014\/12\/D_0142.jpg 250w\" data-sizes=\"auto\" \/>\t\t\t<\/a>\n\t\t\t\t\t\t\t<\/div>\n<div class=\"fusion-portfolio-content\"><h2 class=\"entry-title fusion-post-title\"><a href=\"https:\/\/christian-tetzlaff.de\/en\/portfolio-items\/brahms-3\/\">Brahms<\/a><\/h2><div class=\"fusion-post-content\"><p>Spannungen: Musik aus dem KW<\/p>\n<p>Sonate f\u00fcr Klavier und Violine Nr.1 G-dur op.78, Nr.2 A-dur op.100, Nr.3 d-moll op.108<\/p>\n<p>mit Lars Vogt<\/p>\n<p>Virgin\/EMI 3CD 5 57523 2 1<\/p>\n<\/div><\/div><\/div><\/article><article id=\"portfolio-1-post-3372\" class=\"fusion-portfolio-post schubert fusion-col-spacing post-3372\"><div class=\"fusion-portfolio-content-wrapper\" style=\"border:none;\"><span class=\"vcard rich-snippet-hidden\"><span class=\"fn\"><a href=\"https:\/\/christian-tetzlaff.de\/en\/author\/admin\/\" title=\"Posts by Christoph Ermisch\" rel=\"author\">Christoph Ermisch<\/a><\/span><\/span><span class=\"updated rich-snippet-hidden\">2023-06-14T10:14:10+00:00<\/span><div  class=\"fusion-image-wrapper\" aria-haspopup=\"true\">\n\t\t\t\t\t\t\t<a href=\"https:\/\/christian-tetzlaff.de\/en\/portfolio-items\/schubert-3\/\" aria-label=\"Schubert\">\n\t\t\t\t\t\t\t<img decoding=\"async\" width=\"250\" height=\"250\" src=\"https:\/\/christian-tetzlaff.de\/wp-content\/uploads\/2014\/12\/D_0152.jpg\" class=\"attachment-full size-full lazyload wp-post-image\" alt=\"\" srcset=\"data:image\/svg+xml,%3Csvg%20xmlns%3D%27http%3A%2F%2Fwww.w3.org%2F2000%2Fsvg%27%20width%3D%27250%27%20height%3D%27250%27%20viewBox%3D%270%200%20250%20250%27%3E%3Crect%20width%3D%27250%27%20height%3D%27250%27%20fill-opacity%3D%220%22%2F%3E%3C%2Fsvg%3E\" data-orig-src=\"https:\/\/christian-tetzlaff.de\/wp-content\/uploads\/2014\/12\/D_0152.jpg\" data-srcset=\"https:\/\/christian-tetzlaff.de\/wp-content\/uploads\/2014\/12\/D_0152-200x200.jpg 200w, https:\/\/christian-tetzlaff.de\/wp-content\/uploads\/2014\/12\/D_0152.jpg 250w\" data-sizes=\"auto\" \/>\t\t\t<\/a>\n\t\t\t\t\t\t\t<\/div>\n<div class=\"fusion-portfolio-content\"><h2 class=\"entry-title fusion-post-title\"><a href=\"https:\/\/christian-tetzlaff.de\/en\/portfolio-items\/schubert-3\/\">Schubert<\/a><\/h2><div class=\"fusion-post-content\"><p>&#8220;Forellenquintett&#8221;<\/p>\n<p>Klavierquintett A-Dur D 667 op. posth. 114<\/p>\n<p>mit Matin Helmchen, Antoine Tamestit, Marie-Elisabeth Hecker, Alois Posch und Aldo Baerten<\/p>\n<p>Pentatone PRC 5186 334<\/p>\n<\/div><\/div><\/div><\/article><article id=\"portfolio-1-post-3371\" class=\"fusion-portfolio-post sibelius fusion-col-spacing post-3371\"><div class=\"fusion-portfolio-content-wrapper\" style=\"border:none;\"><span class=\"vcard rich-snippet-hidden\"><span class=\"fn\"><a href=\"https:\/\/christian-tetzlaff.de\/en\/author\/admin\/\" title=\"Posts by Christoph Ermisch\" rel=\"author\">Christoph Ermisch<\/a><\/span><\/span><span class=\"updated rich-snippet-hidden\">2023-06-14T10:14:10+00:00<\/span><div  class=\"fusion-image-wrapper\" aria-haspopup=\"true\">\n\t\t\t\t\t\t\t<a href=\"https:\/\/christian-tetzlaff.de\/en\/portfolio-items\/sibelius-werke-fuer-violine-orchester\/\" aria-label=\"Sibelius Werke f\u00fcr Violine &#038; Orchester\">\n\t\t\t\t\t\t\t<img decoding=\"async\" width=\"250\" height=\"250\" src=\"https:\/\/christian-tetzlaff.de\/wp-content\/uploads\/2014\/12\/D_0162.jpg\" class=\"attachment-full size-full lazyload wp-post-image\" alt=\"\" srcset=\"data:image\/svg+xml,%3Csvg%20xmlns%3D%27http%3A%2F%2Fwww.w3.org%2F2000%2Fsvg%27%20width%3D%27250%27%20height%3D%27250%27%20viewBox%3D%270%200%20250%20250%27%3E%3Crect%20width%3D%27250%27%20height%3D%27250%27%20fill-opacity%3D%220%22%2F%3E%3C%2Fsvg%3E\" data-orig-src=\"https:\/\/christian-tetzlaff.de\/wp-content\/uploads\/2014\/12\/D_0162.jpg\" data-srcset=\"https:\/\/christian-tetzlaff.de\/wp-content\/uploads\/2014\/12\/D_0162-200x200.jpg 200w, https:\/\/christian-tetzlaff.de\/wp-content\/uploads\/2014\/12\/D_0162.jpg 250w\" data-sizes=\"auto\" \/>\t\t\t<\/a>\n\t\t\t\t\t\t\t<\/div>\n<div class=\"fusion-portfolio-content\"><h2 class=\"entry-title fusion-post-title\"><a href=\"https:\/\/christian-tetzlaff.de\/en\/portfolio-items\/sibelius-werke-fuer-violine-orchester\/\">Sibelius Werke f\u00fcr Violine &#038; Orchester<\/a><\/h2><div class=\"fusion-post-content\"><p>Violinkonzert,<br \/>\n6 Humoresques, 2 St\u00fccke, Op.77, Serenaden Nr.1 &amp; 2, Op.69 Suite f\u00fcr Violine &amp; Streicher, Op.117<\/p>\n<p>Danish National Symphony Orchestra \/ Thomas Dausgaard<\/p>\n<p>Virgin\/EMI CD 5 45534 2<\/p>\n<\/div><\/div><\/div><\/article><article id=\"portfolio-1-post-3370\" class=\"fusion-portfolio-post tchaikovsky fusion-col-spacing post-3370\"><div class=\"fusion-portfolio-content-wrapper\" style=\"border:none;\"><span class=\"vcard rich-snippet-hidden\"><span class=\"fn\"><a href=\"https:\/\/christian-tetzlaff.de\/en\/author\/admin\/\" title=\"Posts by Christoph Ermisch\" rel=\"author\">Christoph Ermisch<\/a><\/span><\/span><span class=\"updated rich-snippet-hidden\">2023-06-14T10:14:10+00:00<\/span><div  class=\"fusion-image-wrapper\" aria-haspopup=\"true\">\n\t\t\t\t\t\t\t<a href=\"https:\/\/christian-tetzlaff.de\/en\/portfolio-items\/tschaikowsky\/\" aria-label=\"Tchaikovsky\">\n\t\t\t\t\t\t\t<img decoding=\"async\" width=\"250\" height=\"250\" src=\"https:\/\/christian-tetzlaff.de\/wp-content\/uploads\/2014\/12\/D_0172.jpg\" class=\"attachment-full size-full lazyload wp-post-image\" alt=\"\" srcset=\"data:image\/svg+xml,%3Csvg%20xmlns%3D%27http%3A%2F%2Fwww.w3.org%2F2000%2Fsvg%27%20width%3D%27250%27%20height%3D%27250%27%20viewBox%3D%270%200%20250%20250%27%3E%3Crect%20width%3D%27250%27%20height%3D%27250%27%20fill-opacity%3D%220%22%2F%3E%3C%2Fsvg%3E\" data-orig-src=\"https:\/\/christian-tetzlaff.de\/wp-content\/uploads\/2014\/12\/D_0172.jpg\" data-srcset=\"https:\/\/christian-tetzlaff.de\/wp-content\/uploads\/2014\/12\/D_0172-200x200.jpg 200w, https:\/\/christian-tetzlaff.de\/wp-content\/uploads\/2014\/12\/D_0172.jpg 250w\" data-sizes=\"auto\" \/>\t\t\t<\/a>\n\t\t\t\t\t\t\t<\/div>\n<div class=\"fusion-portfolio-content\"><h2 class=\"entry-title fusion-post-title\"><a href=\"https:\/\/christian-tetzlaff.de\/en\/portfolio-items\/tschaikowsky\/\">Tchaikovsky<\/a><\/h2><div class=\"fusion-post-content\"><p>Violinkonzert<\/p>\n<p>Russisches National Orchester \/ Kent Nagano<\/p>\n<p>PentaTone classics 8 27949 0026 7<\/p>\n<\/div><\/div><\/div><\/article><article id=\"portfolio-1-post-3369\" class=\"fusion-portfolio-post brahms fusion-col-spacing post-3369\"><div class=\"fusion-portfolio-content-wrapper\" style=\"border:none;\"><span class=\"vcard rich-snippet-hidden\"><span class=\"fn\"><a href=\"https:\/\/christian-tetzlaff.de\/en\/author\/admin\/\" title=\"Posts by Christoph Ermisch\" rel=\"author\">Christoph Ermisch<\/a><\/span><\/span><span class=\"updated rich-snippet-hidden\">2023-06-14T10:14:11+00:00<\/span><div  class=\"fusion-image-wrapper\" aria-haspopup=\"true\">\n\t\t\t\t\t\t\t<a href=\"https:\/\/christian-tetzlaff.de\/en\/portfolio-items\/brahms\/\" aria-label=\"Brahms\">\n\t\t\t\t\t\t\t<img decoding=\"async\" width=\"250\" height=\"250\" src=\"https:\/\/christian-tetzlaff.de\/wp-content\/uploads\/2014\/12\/D_0182.jpg\" class=\"attachment-full size-full lazyload wp-post-image\" alt=\"\" srcset=\"data:image\/svg+xml,%3Csvg%20xmlns%3D%27http%3A%2F%2Fwww.w3.org%2F2000%2Fsvg%27%20width%3D%27250%27%20height%3D%27250%27%20viewBox%3D%270%200%20250%20250%27%3E%3Crect%20width%3D%27250%27%20height%3D%27250%27%20fill-opacity%3D%220%22%2F%3E%3C%2Fsvg%3E\" data-orig-src=\"https:\/\/christian-tetzlaff.de\/wp-content\/uploads\/2014\/12\/D_0182.jpg\" data-srcset=\"https:\/\/christian-tetzlaff.de\/wp-content\/uploads\/2014\/12\/D_0182-200x200.jpg 200w, https:\/\/christian-tetzlaff.de\/wp-content\/uploads\/2014\/12\/D_0182.jpg 250w\" data-sizes=\"auto\" \/>\t\t\t<\/a>\n\t\t\t\t\t\t\t<\/div>\n<div class=\"fusion-portfolio-content\"><h2 class=\"entry-title fusion-post-title\"><a href=\"https:\/\/christian-tetzlaff.de\/en\/portfolio-items\/brahms\/\">Brahms<\/a><\/h2><div class=\"fusion-post-content\"><p>Piano Quintet op.34 . Sextett op.36<\/p>\n<p>Vogt, Faust, Tetzlaff, Eberle, Weinmeister Fehlandt, Steckel, Rivinius<\/p>\n<p>FESTIVAL SPANNUNGEN 2005<\/p>\n<p>CAvi-music 4260085530496 (2 CDs)<\/p>\n<\/div><\/div><\/div><\/article><article id=\"portfolio-1-post-3368\" class=\"fusion-portfolio-post debussy janacek nielsen ravel fusion-col-spacing post-3368\"><div class=\"fusion-portfolio-content-wrapper\" style=\"border:none;\"><span class=\"vcard rich-snippet-hidden\"><span class=\"fn\"><a href=\"https:\/\/christian-tetzlaff.de\/en\/author\/admin\/\" title=\"Posts by Christoph Ermisch\" rel=\"author\">Christoph Ermisch<\/a><\/span><\/span><span class=\"updated rich-snippet-hidden\">2023-06-14T10:14:11+00:00<\/span><div  class=\"fusion-image-wrapper\" aria-haspopup=\"true\">\n\t\t\t\t\t\t\t<a href=\"https:\/\/christian-tetzlaff.de\/en\/portfolio-items\/janacek-debussy-ravel-nielsen\/\" aria-label=\"Janacek, Debussy, Ravel, Nielsen\">\n\t\t\t\t\t\t\t<img decoding=\"async\" width=\"250\" height=\"250\" src=\"https:\/\/christian-tetzlaff.de\/wp-content\/uploads\/2014\/12\/D_0211.jpg\" class=\"attachment-full size-full lazyload wp-post-image\" alt=\"\" srcset=\"data:image\/svg+xml,%3Csvg%20xmlns%3D%27http%3A%2F%2Fwww.w3.org%2F2000%2Fsvg%27%20width%3D%27250%27%20height%3D%27250%27%20viewBox%3D%270%200%20250%20250%27%3E%3Crect%20width%3D%27250%27%20height%3D%27250%27%20fill-opacity%3D%220%22%2F%3E%3C%2Fsvg%3E\" data-orig-src=\"https:\/\/christian-tetzlaff.de\/wp-content\/uploads\/2014\/12\/D_0211.jpg\" data-srcset=\"https:\/\/christian-tetzlaff.de\/wp-content\/uploads\/2014\/12\/D_0211-200x200.jpg 200w, https:\/\/christian-tetzlaff.de\/wp-content\/uploads\/2014\/12\/D_0211.jpg 250w\" data-sizes=\"auto\" \/>\t\t\t<\/a>\n\t\t\t\t\t\t\t<\/div>\n<div class=\"fusion-portfolio-content\"><h2 class=\"entry-title fusion-post-title\"><a href=\"https:\/\/christian-tetzlaff.de\/en\/portfolio-items\/janacek-debussy-ravel-nielsen\/\">Janacek, Debussy, Ravel, Nielsen<\/a><\/h2><div class=\"fusion-post-content\"><p>Sonaten f\u00fcr Violine und Klavier<\/p>\n<p><strong>Janacek<\/strong><br \/>\nSonate f\u00fcr Violine und Klavier<\/p>\n<p><strong>Debussy<\/strong><br \/>\nSonate f\u00fcr Violine und Klavier g-moll<\/p>\n<p><strong>Ravel<\/strong><br \/>\nSonate f\u00fcr Violine und Klavier G-dur<\/p>\n<p><strong>Nielsen<\/strong><br \/>\nSonate f\u00fcr Violine und Klavier Nr. 2 op. 35<\/p>\n<p>mit Leif Ove Andsnes, Klavier<\/p>\n<p>Virgin\/EMI CD 5 45122 2<\/p>\n<\/div><\/div><\/div><\/article><article id=\"portfolio-1-post-3367\" class=\"fusion-portfolio-post janacek fusion-col-spacing post-3367\"><div class=\"fusion-portfolio-content-wrapper\" style=\"border:none;\"><span class=\"vcard rich-snippet-hidden\"><span class=\"fn\"><a href=\"https:\/\/christian-tetzlaff.de\/en\/author\/admin\/\" title=\"Posts by Christoph Ermisch\" rel=\"author\">Christoph Ermisch<\/a><\/span><\/span><span class=\"updated rich-snippet-hidden\">2023-06-14T10:14:11+00:00<\/span><div  class=\"fusion-image-wrapper\" aria-haspopup=\"true\">\n\t\t\t\t\t\t\t<a href=\"https:\/\/christian-tetzlaff.de\/en\/portfolio-items\/janacek-violinkonzert\/\" aria-label=\"Janacek Violinkonzert\">\n\t\t\t\t\t\t\t<img decoding=\"async\" width=\"250\" height=\"250\" src=\"https:\/\/christian-tetzlaff.de\/wp-content\/uploads\/2014\/12\/D_0222.jpg\" class=\"attachment-full size-full lazyload wp-post-image\" alt=\"\" srcset=\"data:image\/svg+xml,%3Csvg%20xmlns%3D%27http%3A%2F%2Fwww.w3.org%2F2000%2Fsvg%27%20width%3D%27250%27%20height%3D%27250%27%20viewBox%3D%270%200%20250%20250%27%3E%3Crect%20width%3D%27250%27%20height%3D%27250%27%20fill-opacity%3D%220%22%2F%3E%3C%2Fsvg%3E\" data-orig-src=\"https:\/\/christian-tetzlaff.de\/wp-content\/uploads\/2014\/12\/D_0222.jpg\" data-srcset=\"https:\/\/christian-tetzlaff.de\/wp-content\/uploads\/2014\/12\/D_0222-200x200.jpg 200w, https:\/\/christian-tetzlaff.de\/wp-content\/uploads\/2014\/12\/D_0222.jpg 250w\" data-sizes=\"auto\" \/>\t\t\t<\/a>\n\t\t\t\t\t\t\t<\/div>\n<div class=\"fusion-portfolio-content\"><h2 class=\"entry-title fusion-post-title\"><a href=\"https:\/\/christian-tetzlaff.de\/en\/portfolio-items\/janacek-violinkonzert\/\">Janacek Violinkonzert<\/a><\/h2><div class=\"fusion-post-content\"><p>Violin Concertos &amp; Violin Sonatas<br \/>\nTschechische Philharmonie, Libor Pesek<\/p>\n<p><strong>Bart\u00f3k<\/strong><br \/>\nViolinkonzert Nr. 2, Sonate f\u00fcr Violine Solo<br \/>\nLondon Philharmonic Orchestra, Michael Gielen<\/p>\n<p><strong>Janacek<\/strong><br \/>\nThe Philharmonia<\/p>\n<p><strong>Weill<\/strong><br \/>\nKonzert f\u00fcr Violine und Blasorchester op. 12<br \/>\nBl\u00e4ser der Deutschen Kammerphilharmonie<\/p>\n<p>Virgin\/EMI CD 0724356205321<\/p>\n<\/div><\/div><\/div><\/article><article id=\"portfolio-1-post-3366\" class=\"fusion-portfolio-post fusion-col-spacing post-3366\"><div class=\"fusion-portfolio-content-wrapper\" style=\"border:none;\"><span class=\"vcard rich-snippet-hidden\"><span class=\"fn\"><a href=\"https:\/\/christian-tetzlaff.de\/en\/author\/admin\/\" title=\"Posts by Christoph Ermisch\" rel=\"author\">Christoph Ermisch<\/a><\/span><\/span><span class=\"updated rich-snippet-hidden\">2023-06-14T10:14:11+00:00<\/span><div  class=\"fusion-image-wrapper\" aria-haspopup=\"true\">\n\t\t\t\t\t\t\t<a href=\"https:\/\/christian-tetzlaff.de\/en\/portfolio-items\/stuart-macrae\/\" aria-label=\"Stuart MacRae\">\n\t\t\t\t\t\t\t<img decoding=\"async\" width=\"250\" height=\"250\" src=\"https:\/\/christian-tetzlaff.de\/wp-content\/uploads\/2014\/12\/D_0232.jpg\" class=\"attachment-full size-full lazyload wp-post-image\" alt=\"\" srcset=\"data:image\/svg+xml,%3Csvg%20xmlns%3D%27http%3A%2F%2Fwww.w3.org%2F2000%2Fsvg%27%20width%3D%27250%27%20height%3D%27250%27%20viewBox%3D%270%200%20250%20250%27%3E%3Crect%20width%3D%27250%27%20height%3D%27250%27%20fill-opacity%3D%220%22%2F%3E%3C%2Fsvg%3E\" data-orig-src=\"https:\/\/christian-tetzlaff.de\/wp-content\/uploads\/2014\/12\/D_0232.jpg\" data-srcset=\"https:\/\/christian-tetzlaff.de\/wp-content\/uploads\/2014\/12\/D_0232-200x200.jpg 200w, https:\/\/christian-tetzlaff.de\/wp-content\/uploads\/2014\/12\/D_0232.jpg 250w\" data-sizes=\"auto\" \/>\t\t\t<\/a>\n\t\t\t\t\t\t\t<\/div>\n<div class=\"fusion-portfolio-content\"><h2 class=\"entry-title fusion-post-title\"><a href=\"https:\/\/christian-tetzlaff.de\/en\/portfolio-items\/stuart-macrae\/\">Stuart MacRae<\/a><\/h2><div class=\"fusion-post-content\"><p>Violinkonzert<\/p>\n<p>BBC Scottish Symphony Orchestra, Ilan Volkov<\/p>\n<p>NMC D115<\/p>\n<\/div><\/div><\/div><\/article><article id=\"portfolio-1-post-3583\" class=\"fusion-portfolio-post mozart fusion-col-spacing post-3583\"><div class=\"fusion-portfolio-content-wrapper\" style=\"border:none;\"><span class=\"vcard rich-snippet-hidden\"><span class=\"fn\"><a href=\"https:\/\/christian-tetzlaff.de\/en\/author\/admin\/\" title=\"Posts by Christoph Ermisch\" rel=\"author\">Christoph Ermisch<\/a><\/span><\/span><span class=\"updated rich-snippet-hidden\">2023-06-14T10:14:12+00:00<\/span><div  class=\"fusion-image-wrapper\" aria-haspopup=\"true\">\n\t\t\t\t\t\t\t<a href=\"https:\/\/christian-tetzlaff.de\/en\/portfolio-items\/wolfgang-amadeus-mozart-2\/\" aria-label=\"Wolfgang Amadeus Mozart\">\n\t\t\t\t\t\t\t<img decoding=\"async\" width=\"250\" height=\"250\" src=\"https:\/\/christian-tetzlaff.de\/wp-content\/uploads\/2023\/05\/D_0242.jpg\" class=\"attachment-full size-full lazyload wp-post-image\" alt=\"\" srcset=\"data:image\/svg+xml,%3Csvg%20xmlns%3D%27http%3A%2F%2Fwww.w3.org%2F2000%2Fsvg%27%20width%3D%27250%27%20height%3D%27250%27%20viewBox%3D%270%200%20250%20250%27%3E%3Crect%20width%3D%27250%27%20height%3D%27250%27%20fill-opacity%3D%220%22%2F%3E%3C%2Fsvg%3E\" data-orig-src=\"https:\/\/christian-tetzlaff.de\/wp-content\/uploads\/2023\/05\/D_0242.jpg\" data-srcset=\"https:\/\/christian-tetzlaff.de\/wp-content\/uploads\/2023\/05\/D_0242-200x200.jpg 200w, https:\/\/christian-tetzlaff.de\/wp-content\/uploads\/2023\/05\/D_0242.jpg 250w\" data-sizes=\"auto\" \/>\t\t\t<\/a>\n\t\t\t\t\t\t\t<\/div>\n<div class=\"fusion-portfolio-content\"><h2 class=\"entry-title fusion-post-title\"><a href=\"https:\/\/christian-tetzlaff.de\/en\/portfolio-items\/wolfgang-amadeus-mozart-2\/\">Wolfgang Amadeus Mozart<\/a><\/h2><div class=\"fusion-post-content\"><p>Violinkonzerte 1 &amp; 2, Rondo, Adagio<\/p>\n<p>Deutsche Kammerphilharmonie Bremen<\/p>\n<p>Virgin\/EMI<\/p>\n<\/div><\/div><\/div><\/article><article id=\"portfolio-1-post-3579\" class=\"fusion-portfolio-post mozart fusion-col-spacing post-3579\"><div class=\"fusion-portfolio-content-wrapper\" style=\"border:none;\"><span class=\"vcard rich-snippet-hidden\"><span class=\"fn\"><a href=\"https:\/\/christian-tetzlaff.de\/en\/author\/admin\/\" title=\"Posts by Christoph Ermisch\" rel=\"author\">Christoph Ermisch<\/a><\/span><\/span><span class=\"updated rich-snippet-hidden\">2023-06-14T10:14:12+00:00<\/span><div  class=\"fusion-image-wrapper\" aria-haspopup=\"true\">\n\t\t\t\t\t\t\t<a href=\"https:\/\/christian-tetzlaff.de\/en\/portfolio-items\/wolfgang-amadeus-mozart\/\" aria-label=\"Wolfgang Amadeus Mozart\">\n\t\t\t\t\t\t\t<img decoding=\"async\" width=\"250\" height=\"250\" src=\"https:\/\/christian-tetzlaff.de\/wp-content\/uploads\/2023\/05\/D_0252.jpg\" class=\"attachment-full size-full lazyload wp-post-image\" alt=\"\" srcset=\"data:image\/svg+xml,%3Csvg%20xmlns%3D%27http%3A%2F%2Fwww.w3.org%2F2000%2Fsvg%27%20width%3D%27250%27%20height%3D%27250%27%20viewBox%3D%270%200%20250%20250%27%3E%3Crect%20width%3D%27250%27%20height%3D%27250%27%20fill-opacity%3D%220%22%2F%3E%3C%2Fsvg%3E\" data-orig-src=\"https:\/\/christian-tetzlaff.de\/wp-content\/uploads\/2023\/05\/D_0252.jpg\" data-srcset=\"https:\/\/christian-tetzlaff.de\/wp-content\/uploads\/2023\/05\/D_0252-200x200.jpg 200w, https:\/\/christian-tetzlaff.de\/wp-content\/uploads\/2023\/05\/D_0252.jpg 250w\" data-sizes=\"auto\" \/>\t\t\t<\/a>\n\t\t\t\t\t\t\t<\/div>\n<div class=\"fusion-portfolio-content\"><h2 class=\"entry-title fusion-post-title\"><a href=\"https:\/\/christian-tetzlaff.de\/en\/portfolio-items\/wolfgang-amadeus-mozart\/\">Wolfgang Amadeus Mozart<\/a><\/h2><div class=\"fusion-post-content\"><p>Violinkonzerte Nr. 3 \u2013 5<\/p>\n<p>Deutsche Kammerphilharmonie Bremen<\/p>\n<p>Virgin\/EMI CD 4821232<\/p>\n<\/div><\/div><\/div><\/article><article id=\"portfolio-1-post-3365\" class=\"fusion-portfolio-post ronnefeld fusion-col-spacing post-3365\"><div class=\"fusion-portfolio-content-wrapper\" style=\"border:none;\"><span class=\"vcard rich-snippet-hidden\"><span class=\"fn\"><a href=\"https:\/\/christian-tetzlaff.de\/en\/author\/admin\/\" title=\"Posts by Christoph Ermisch\" rel=\"author\">Christoph Ermisch<\/a><\/span><\/span><span class=\"updated rich-snippet-hidden\">2023-06-14T10:14:12+00:00<\/span><div  class=\"fusion-image-wrapper\" aria-haspopup=\"true\">\n\t\t\t\t\t\t\t<a href=\"https:\/\/christian-tetzlaff.de\/en\/portfolio-items\/matthias-ronnefeld\/\" aria-label=\"Matthias Ronnefeld\">\n\t\t\t\t\t\t\t<img decoding=\"async\" width=\"250\" height=\"250\" src=\"https:\/\/christian-tetzlaff.de\/wp-content\/uploads\/2014\/12\/D_0261.jpg\" class=\"attachment-full size-full lazyload wp-post-image\" alt=\"\" srcset=\"data:image\/svg+xml,%3Csvg%20xmlns%3D%27http%3A%2F%2Fwww.w3.org%2F2000%2Fsvg%27%20width%3D%27250%27%20height%3D%27250%27%20viewBox%3D%270%200%20250%20250%27%3E%3Crect%20width%3D%27250%27%20height%3D%27250%27%20fill-opacity%3D%220%22%2F%3E%3C%2Fsvg%3E\" data-orig-src=\"https:\/\/christian-tetzlaff.de\/wp-content\/uploads\/2014\/12\/D_0261.jpg\" data-srcset=\"https:\/\/christian-tetzlaff.de\/wp-content\/uploads\/2014\/12\/D_0261-200x200.jpg 200w, https:\/\/christian-tetzlaff.de\/wp-content\/uploads\/2014\/12\/D_0261.jpg 250w\" data-sizes=\"auto\" \/>\t\t\t<\/a>\n\t\t\t\t\t\t\t<\/div>\n<div class=\"fusion-portfolio-content\"><h2 class=\"entry-title fusion-post-title\"><a href=\"https:\/\/christian-tetzlaff.de\/en\/portfolio-items\/matthias-ronnefeld\/\">Matthias Ronnefeld<\/a><\/h2><div class=\"fusion-post-content\"><p>Am Abend t\u00f6nen die herbstlichen W\u00e4lder<\/p>\n<p>Athelas Sinfonietta Copenhagen<\/p>\n<p>DACAPO CD 8.224154<\/p>\n<\/div><\/div><\/div><\/article><article id=\"portfolio-1-post-3364\" class=\"fusion-portfolio-post schubert fusion-col-spacing post-3364\"><div class=\"fusion-portfolio-content-wrapper\" style=\"border:none;\"><span class=\"vcard rich-snippet-hidden\"><span class=\"fn\"><a href=\"https:\/\/christian-tetzlaff.de\/en\/author\/admin\/\" title=\"Posts by Christoph Ermisch\" rel=\"author\">Christoph Ermisch<\/a><\/span><\/span><span class=\"updated rich-snippet-hidden\">2023-06-14T10:14:12+00:00<\/span><div  class=\"fusion-image-wrapper\" aria-haspopup=\"true\">\n\t\t\t\t\t\t\t<a href=\"https:\/\/christian-tetzlaff.de\/en\/portfolio-items\/schubert\/\" aria-label=\"Schubert\">\n\t\t\t\t\t\t\t<img decoding=\"async\" width=\"250\" height=\"250\" src=\"https:\/\/christian-tetzlaff.de\/wp-content\/uploads\/2014\/12\/D_0271.jpg\" class=\"attachment-full size-full lazyload wp-post-image\" alt=\"\" srcset=\"data:image\/svg+xml,%3Csvg%20xmlns%3D%27http%3A%2F%2Fwww.w3.org%2F2000%2Fsvg%27%20width%3D%27250%27%20height%3D%27250%27%20viewBox%3D%270%200%20250%20250%27%3E%3Crect%20width%3D%27250%27%20height%3D%27250%27%20fill-opacity%3D%220%22%2F%3E%3C%2Fsvg%3E\" data-orig-src=\"https:\/\/christian-tetzlaff.de\/wp-content\/uploads\/2014\/12\/D_0271.jpg\" data-srcset=\"https:\/\/christian-tetzlaff.de\/wp-content\/uploads\/2014\/12\/D_0271-200x200.jpg 200w, https:\/\/christian-tetzlaff.de\/wp-content\/uploads\/2014\/12\/D_0271.jpg 250w\" data-sizes=\"auto\" \/>\t\t\t<\/a>\n\t\t\t\t\t\t\t<\/div>\n<div class=\"fusion-portfolio-content\"><h2 class=\"entry-title fusion-post-title\"><a href=\"https:\/\/christian-tetzlaff.de\/en\/portfolio-items\/schubert\/\">Schubert<\/a><\/h2><div class=\"fusion-post-content\"><p>Klaviertrio No 2 mit Lars Vogt und Tanja Tetzlaff<\/p>\n<p>FESTIVAL SPANNUNGEN 2005<br \/>\nEcho 2004<\/p>\n<p>CAvi-music 42 6008553044 1<\/p>\n<\/div><\/div><\/div><\/article><\/div><\/div><\/div><\/div><\/div><\/div>\n","protected":false},"excerpt":{"rendered":"","protected":false},"author":1,"featured_media":290,"parent":0,"menu_order":0,"comment_status":"closed","ping_status":"closed","template":"","meta":{"_FSMCFIC_featured_image_caption":"","_FSMCFIC_featured_image_nocaption":"","_FSMCFIC_featured_image_hide":"","footnotes":""},"class_list":["post-3406","page","type-page","status-publish","has-post-thumbnail","hentry"],"yoast_head":"<!-- This site is optimized with the Yoast SEO plugin v25.6 - https:\/\/yoast.com\/wordpress\/plugins\/seo\/ -->\n<title>Discography - Christian Tetzlaff<\/title>\n<meta name=\"robots\" content=\"index, follow, max-snippet:-1, max-image-preview:large, max-video-preview:-1\" \/>\n<link rel=\"canonical\" href=\"https:\/\/christian-tetzlaff.de\/en\/discography\/\" \/>\n<meta property=\"og:locale\" content=\"en_US\" \/>\n<meta property=\"og:type\" content=\"article\" \/>\n<meta property=\"og:title\" content=\"Discography - Christian Tetzlaff\" \/>\n<meta property=\"og:url\" content=\"https:\/\/christian-tetzlaff.de\/en\/discography\/\" \/>\n<meta property=\"og:site_name\" content=\"Christian Tetzlaff\" \/>\n<meta property=\"article:modified_time\" content=\"2023-05-26T08:15:03+00:00\" \/>\n<meta property=\"og:image\" content=\"https:\/\/christian-tetzlaff.de\/wp-content\/uploads\/2023\/04\/title-discographie-neu.jpg\" \/>\n\t<meta property=\"og:image:width\" content=\"1800\" \/>\n\t<meta property=\"og:image:height\" content=\"1199\" \/>\n\t<meta property=\"og:image:type\" content=\"image\/jpeg\" \/>\n<meta name=\"twitter:card\" content=\"summary_large_image\" \/>\n<meta name=\"twitter:label1\" content=\"Est. reading time\" \/>\n\t<meta name=\"twitter:data1\" content=\"6 minutes\" \/>\n<script type=\"application\/ld+json\" class=\"yoast-schema-graph\">{\"@context\":\"https:\/\/schema.org\",\"@graph\":[{\"@type\":\"WebPage\",\"@id\":\"https:\/\/christian-tetzlaff.de\/en\/discography\/\",\"url\":\"https:\/\/christian-tetzlaff.de\/en\/discography\/\",\"name\":\"Discography - Christian Tetzlaff\",\"isPartOf\":{\"@id\":\"https:\/\/christian-tetzlaff.de\/en\/#website\"},\"primaryImageOfPage\":{\"@id\":\"https:\/\/christian-tetzlaff.de\/en\/discography\/#primaryimage\"},\"image\":{\"@id\":\"https:\/\/christian-tetzlaff.de\/en\/discography\/#primaryimage\"},\"thumbnailUrl\":\"https:\/\/christian-tetzlaff.de\/wp-content\/uploads\/2023\/04\/title-discographie-neu.jpg\",\"datePublished\":\"2023-04-28T13:40:26+00:00\",\"dateModified\":\"2023-05-26T08:15:03+00:00\",\"breadcrumb\":{\"@id\":\"https:\/\/christian-tetzlaff.de\/en\/discography\/#breadcrumb\"},\"inLanguage\":\"en-US\",\"potentialAction\":[{\"@type\":\"ReadAction\",\"target\":[\"https:\/\/christian-tetzlaff.de\/en\/discography\/\"]}]},{\"@type\":\"ImageObject\",\"inLanguage\":\"en-US\",\"@id\":\"https:\/\/christian-tetzlaff.de\/en\/discography\/#primaryimage\",\"url\":\"https:\/\/christian-tetzlaff.de\/wp-content\/uploads\/2023\/04\/title-discographie-neu.jpg\",\"contentUrl\":\"https:\/\/christian-tetzlaff.de\/wp-content\/uploads\/2023\/04\/title-discographie-neu.jpg\",\"width\":1800,\"height\":1199,\"caption\":\"Photo: \u00a9 Giorgia Bertazzi\"},{\"@type\":\"BreadcrumbList\",\"@id\":\"https:\/\/christian-tetzlaff.de\/en\/discography\/#breadcrumb\",\"itemListElement\":[{\"@type\":\"ListItem\",\"position\":1,\"name\":\"Startseite\",\"item\":\"https:\/\/christian-tetzlaff.de\/en\/\"},{\"@type\":\"ListItem\",\"position\":2,\"name\":\"Discography\"}]},{\"@type\":\"WebSite\",\"@id\":\"https:\/\/christian-tetzlaff.de\/en\/#website\",\"url\":\"https:\/\/christian-tetzlaff.de\/en\/\",\"name\":\"Christian Tetzlaff\",\"description\":\"Official Website\",\"alternateName\":\"Christian Tetzlaff\",\"potentialAction\":[{\"@type\":\"SearchAction\",\"target\":{\"@type\":\"EntryPoint\",\"urlTemplate\":\"https:\/\/christian-tetzlaff.de\/en\/?s={search_term_string}\"},\"query-input\":{\"@type\":\"PropertyValueSpecification\",\"valueRequired\":true,\"valueName\":\"search_term_string\"}}],\"inLanguage\":\"en-US\"}]}<\/script>\n<!-- \/ Yoast SEO plugin. -->","yoast_head_json":{"title":"Discography - Christian Tetzlaff","robots":{"index":"index","follow":"follow","max-snippet":"max-snippet:-1","max-image-preview":"max-image-preview:large","max-video-preview":"max-video-preview:-1"},"canonical":"https:\/\/christian-tetzlaff.de\/en\/discography\/","og_locale":"en_US","og_type":"article","og_title":"Discography - Christian Tetzlaff","og_url":"https:\/\/christian-tetzlaff.de\/en\/discography\/","og_site_name":"Christian Tetzlaff","article_modified_time":"2023-05-26T08:15:03+00:00","og_image":[{"width":1800,"height":1199,"url":"https:\/\/christian-tetzlaff.de\/wp-content\/uploads\/2023\/04\/title-discographie-neu.jpg","type":"image\/jpeg"}],"twitter_card":"summary_large_image","twitter_misc":{"Est. reading time":"6 minutes"},"schema":{"@context":"https:\/\/schema.org","@graph":[{"@type":"WebPage","@id":"https:\/\/christian-tetzlaff.de\/en\/discography\/","url":"https:\/\/christian-tetzlaff.de\/en\/discography\/","name":"Discography - Christian Tetzlaff","isPartOf":{"@id":"https:\/\/christian-tetzlaff.de\/en\/#website"},"primaryImageOfPage":{"@id":"https:\/\/christian-tetzlaff.de\/en\/discography\/#primaryimage"},"image":{"@id":"https:\/\/christian-tetzlaff.de\/en\/discography\/#primaryimage"},"thumbnailUrl":"https:\/\/christian-tetzlaff.de\/wp-content\/uploads\/2023\/04\/title-discographie-neu.jpg","datePublished":"2023-04-28T13:40:26+00:00","dateModified":"2023-05-26T08:15:03+00:00","breadcrumb":{"@id":"https:\/\/christian-tetzlaff.de\/en\/discography\/#breadcrumb"},"inLanguage":"en-US","potentialAction":[{"@type":"ReadAction","target":["https:\/\/christian-tetzlaff.de\/en\/discography\/"]}]},{"@type":"ImageObject","inLanguage":"en-US","@id":"https:\/\/christian-tetzlaff.de\/en\/discography\/#primaryimage","url":"https:\/\/christian-tetzlaff.de\/wp-content\/uploads\/2023\/04\/title-discographie-neu.jpg","contentUrl":"https:\/\/christian-tetzlaff.de\/wp-content\/uploads\/2023\/04\/title-discographie-neu.jpg","width":1800,"height":1199,"caption":"Photo: \u00a9 Giorgia Bertazzi"},{"@type":"BreadcrumbList","@id":"https:\/\/christian-tetzlaff.de\/en\/discography\/#breadcrumb","itemListElement":[{"@type":"ListItem","position":1,"name":"Startseite","item":"https:\/\/christian-tetzlaff.de\/en\/"},{"@type":"ListItem","position":2,"name":"Discography"}]},{"@type":"WebSite","@id":"https:\/\/christian-tetzlaff.de\/en\/#website","url":"https:\/\/christian-tetzlaff.de\/en\/","name":"Christian Tetzlaff","description":"Official Website","alternateName":"Christian Tetzlaff","potentialAction":[{"@type":"SearchAction","target":{"@type":"EntryPoint","urlTemplate":"https:\/\/christian-tetzlaff.de\/en\/?s={search_term_string}"},"query-input":{"@type":"PropertyValueSpecification","valueRequired":true,"valueName":"search_term_string"}}],"inLanguage":"en-US"}]}},"_links":{"self":[{"href":"https:\/\/christian-tetzlaff.de\/en\/wp-json\/wp\/v2\/pages\/3406","targetHints":{"allow":["GET"]}}],"collection":[{"href":"https:\/\/christian-tetzlaff.de\/en\/wp-json\/wp\/v2\/pages"}],"about":[{"href":"https:\/\/christian-tetzlaff.de\/en\/wp-json\/wp\/v2\/types\/page"}],"author":[{"embeddable":true,"href":"https:\/\/christian-tetzlaff.de\/en\/wp-json\/wp\/v2\/users\/1"}],"replies":[{"embeddable":true,"href":"https:\/\/christian-tetzlaff.de\/en\/wp-json\/wp\/v2\/comments?post=3406"}],"version-history":[{"count":8,"href":"https:\/\/christian-tetzlaff.de\/en\/wp-json\/wp\/v2\/pages\/3406\/revisions"}],"predecessor-version":[{"id":3706,"href":"https:\/\/christian-tetzlaff.de\/en\/wp-json\/wp\/v2\/pages\/3406\/revisions\/3706"}],"wp:featuredmedia":[{"embeddable":true,"href":"https:\/\/christian-tetzlaff.de\/en\/wp-json\/wp\/v2\/media\/290"}],"wp:attachment":[{"href":"https:\/\/christian-tetzlaff.de\/en\/wp-json\/wp\/v2\/media?parent=3406"}],"curies":[{"name":"wp","href":"https:\/\/api.w.org\/{rel}","templated":true}]}}