{"id":3353,"date":"2023-04-28T12:16:12","date_gmt":"2023-04-28T12:16:12","guid":{"rendered":"https:\/\/christian-tetzlaff.de\/presse\/"},"modified":"2023-05-11T13:20:12","modified_gmt":"2023-05-11T13:20:12","slug":"press","status":"publish","type":"page","link":"https:\/\/christian-tetzlaff.de\/en\/press\/","title":{"rendered":"Press"},"content":{"rendered":"<div class=\"fusion-fullwidth fullwidth-box fusion-builder-row-1 fusion-flex-container has-pattern-background has-mask-background nonhundred-percent-fullwidth non-hundred-percent-height-scrolling\" style=\"--awb-border-radius-top-left:0px;--awb-border-radius-top-right:0px;--awb-border-radius-bottom-right:0px;--awb-border-radius-bottom-left:0px;--awb-flex-wrap:wrap;\" ><div class=\"fusion-builder-row fusion-row fusion-flex-align-items-flex-start fusion-flex-content-wrap\" style=\"max-width:1872px;margin-left: calc(-4% \/ 2 );margin-right: calc(-4% \/ 2 );\"><div class=\"fusion-layout-column fusion_builder_column fusion-builder-column-0 fusion_builder_column_1_1 1_1 fusion-flex-column\" style=\"--awb-bg-size:cover;--awb-width-large:100%;--awb-margin-top-large:0px;--awb-spacing-right-large:1.92%;--awb-margin-bottom-large:20px;--awb-spacing-left-large:1.92%;--awb-width-medium:100%;--awb-order-medium:0;--awb-spacing-right-medium:1.92%;--awb-spacing-left-medium:1.92%;--awb-width-small:100%;--awb-order-small:0;--awb-spacing-right-small:1.92%;--awb-spacing-left-small:1.92%;\"><div class=\"fusion-column-wrapper fusion-column-has-shadow fusion-flex-justify-content-flex-start fusion-content-layout-column\"><div class=\"fusion-blog-shortcode fusion-blog-shortcode-1 fusion-blog-archive fusion-blog-layout-large fusion-blog-pagination fusion-blog-no-images\" style=\"margin-top:25px;--awb-title-font-size:1.4em;\"><div class=\"fusion-posts-container fusion-posts-container-pagination fusion-no-meta-info\" data-pages=\"13\"><article id=\"blog-1-post-4018\" class=\"fusion-post-large post-4018 post type-post status-publish format-standard hentry category-konzert-kritiken-de category-presse\">\n<div class=\"fusion-post-content post-content\"><h2 class=\"blog-shortcode-post-title entry-title\">Violinist Christian Tetzlaff dazzles in Sibelius, and Afkham and the CSO bring Schoenberg to life<\/h2><div class=\"fusion-post-content-container\"><p><em>[&#8230;] From the outset, Christian Tetzlaff\u2019s smooth phrasing and tone captivated the audience, establishing the conditions for an impressive performance. He navigated the piece\u2019s technical demands with seeming ease, delivering a performance of the first movement that was both adroit and spellbinding. Tetzlaff played the movement\u2019s cadenza with such brilliance that the brief burst of applause felt inevitable. In the second movement, his emotionally distant approach provided an introspective quality that hung in the air. The final movement erupted with energy. Winds bubbled up, and timpani and Tetzlaff matched each other in dramatic fashion. As the piece rushed toward conclusion, Sibelius\u2019s sweeps and swells felt like more than music.<\/em><em>\u00a0[&#8230;]<\/em><\/p>\n<p>Jim Pritchard, Seen and Heard International, 16.02.2025<\/p>\n<\/div><\/div><div class=\"fusion-clearfix\"><\/div><\/article>\n<article id=\"blog-1-post-3994\" class=\"fusion-post-large post-3994 post type-post status-publish format-standard hentry category-konzert-kritiken-de category-presse\">\n<div class=\"fusion-post-content post-content\"><h2 class=\"blog-shortcode-post-title entry-title\">Versunken in die Musik<\/h2><div class=\"fusion-post-content-container\"><p><em>[&#8230;] Nach den Er\u00f6ffnungsreden voller Superlative griff ein weiterer wichtiger Fokus-K\u00fcnstler dieser Saison beherzt in die Violinsaiten, der dem Rheingau seit 30 Jahren die Treue h\u00e4lt: Christian Tetzlaff. Seine ungebremst gef\u00fchlsbetonte Sicht auf Dvor\u00e1ks Konzert f\u00fcr Violine und Orchester a-Moll op.53 elektrisierte die ausverkaufte Basilika vom ersten Ton an. Von den glei\u00dfenden Er\u00f6ffnungsspitzen des Allegro ma non troppo \u00fcber das nahtlos angeschlossene, beinahe in Bratschentiefe hinabschimmernde Adagio bis hin zu den folkloristischen Furiant und Dumka-T\u00e4nzen; Tetzlaff zeigte in selbstvergessener Versunkenheit, was sein Spiel seit Jahrzehnten so besonders macht: Dvor\u00e1ks Violinkonzert ber\u00fchrte, als sei es frisch aus der Taufe gehoben worden. Einen nicht geringen Anteil an der Geschlossenheit der Ausgestaltung bei Dvor\u00e1ks einzigem Gattungsbeitrag hatte auch HR-Orchesterchef Alain Altinoglu, der immer wieder intensiv Tetzlaffs Blick suchte und seine Musiker zu deutlicher und pr\u00e4ziser Sprache verpflichtete.<\/em><\/p>\n<p><em>Nach all dem musikalisch \u00fcberbordendem romantischen \u00dcberschwang w\u00e4hlte Tetzlaff seine konzentrierte Bach-Zugabe mit Bedacht: Sein mit dem\u00fctiger Behutsamkeit herausziseliertes Largo aus der Sonate Nr. 3, C-Dur, BWV 1005 lie\u00df die Basilika von innen heraus leuchten. [&#8230;]<\/em><\/p>\n<p>Bettina Boyens, Frankfurter Neue Presse, 24.06.2024<\/p>\n<\/div><\/div><div class=\"fusion-clearfix\"><\/div><\/article>\n<article id=\"blog-1-post-3974\" class=\"fusion-post-large post-3974 post type-post status-publish format-standard hentry category-konzert-kritiken-de category-presse\">\n<div class=\"fusion-post-content post-content\"><h2 class=\"blog-shortcode-post-title entry-title\">Rarities by Elgar and Holst soar at Grant Park Music Festival<\/h2><div class=\"fusion-post-content-container\"><p><em>[&#8230;] One wouldn\u2019t necessarily think of Tetzlaff as a natural Elgarian, but the German violinist showed himself wholly in synch with the elusive style of this work.<\/em><\/p>\n<p><em>In addition to handling the daunting technical demands with ease, from his first entrance the violinist brought out an essential fantasy quality, for all its frenetic activity, much of this music is lyrical and intimate; in the melting secondary theme of the opening movement, Tetzlaff shaded his tone down to the barest strand of violin sound\u2014daringly so for this noisy al fresco setting\u2014with the melody\u2019s reprise hovering on the edge of audibility.<\/em><\/p>\n<p><em>Tetzlaff consistently conveyed the nostalgia and romantic melancholy that is at the heart of this work. [\u2026] At the close of the slow movement\u2014and indeed throughout\u2014the violinist brought great freedom to his phrasing, exploring Elgar\u2019s long solo lines without crossing over into indulgence or schmaltz.<\/em><\/p>\n<p><em>In the epic finale, Tetzlaff skillfully assayed the mercurial shifts, balancing the bravura with nostalgic look-backs. In the closing cadenza\u2014with \u201cthrummed\u201d string accompaniment\u2014the violinist sensitively captured Elgar\u2019s searching introspection before the final burst of assertive fireworks &#8211; as if the composer were exorcising a past romantic obsession from his mind and moving on with confidence. [&#8230;]<\/em><\/p>\n<p>Lawrence A Johnson, Chicago Classical review, June 2024<\/p>\n<\/div><\/div><div class=\"fusion-clearfix\"><\/div><\/article>\n<article id=\"blog-1-post-3300\" class=\"fusion-post-large post-3300 post type-post status-publish format-standard hentry category-konzert-kritiken-de category-presse\">\n<div class=\"fusion-post-content post-content\"><h2 class=\"blog-shortcode-post-title entry-title\">Mit m\u00e4chtigem Strich<\/h2><div class=\"fusion-post-content-container\"><p><em><strong>Mehr Intensit\u00e4t geht nicht: Ein Abend mit dem Geiger Christian Tetzlaff und dem Philharmonischen Staatsorchester Hamburg unter der Leitung von Kent Nagano.<\/strong><\/em><\/p>\n<p><em>[&#8230;]\u00a0Dann aber l\u00e4sst einen Tetzlaffs Brahms-Konzert den Beethoven fast vergessen. Tetzlaff legt gleich bei seinem ersten Einsatz mit so m\u00e4chtigem Strich los, dass schon nach wenigen Sekunden gerissenes Rosshaar um seine Bogenspitze fliegt. Nat\u00fcrlich wird das Feuer des Finalsatzes sp\u00e4ter ebenso flackern, wird die innige Ruhe des Adagios, von Tetzlaff mit geschlossenen Augen vorgetragen, genie\u00dferisch sein. Aber im Grunde enth\u00e4lt bereits der erste Satz in seiner Ausdrucksvielfalt all jene Merkmale, die diese Interpretation ausmachen.<\/em><\/p>\n<p><em>Tetzlaffs energische Doppelgriffe haben die Kraft (und die Haltung) eines Rockgitarrenriffs. Die nachdenklichen Passagen, die er oft recht vibratoarm spielt, sind von geradezu sakraler K\u00fchle, seine zauberische Solokadenz wirkt fast gl\u00e4sern fragil. Dann wiederum singt sein Instrument die sch\u00f6nsten Melodien mit einem breit tragenden Ton voller W\u00e4rme. In jeder Ausdrucksrichtung strebt Tetzlaff nach dem Maximum &#8211; und Nagano folgt mit dem Orchester. Mehr Intensit\u00e4t geht nicht.<\/em><\/p>\n<p>S\u00fcddeutsche Zeitung, Andreas Pernpeintner<br \/>\n19. April 2023<\/p>\n<\/div><\/div><div class=\"fusion-clearfix\"><\/div><\/article>\n<article id=\"blog-1-post-3286\" class=\"fusion-post-large post-3286 post type-post status-publish format-standard hentry category-konzert-kritiken-de category-presse\">\n<div class=\"fusion-post-content post-content\"><h2 class=\"blog-shortcode-post-title entry-title\">Die Logik der Gef\u00fchle<\/h2><div class=\"fusion-post-content-container\"><p><em>[&#8230;] Technisch souver\u00e4n, geht es Tetzlaff nicht ums makellose Spiel, sondern um den unmittelbaren Ausdruck. Er konzentriert sich immer auch aufs Innere des Klangs und formt daraus den Ton \u2013 und ist so mittendrin im Innenleben Tschaikowskys, bei dem h\u00f6chstes Gl\u00fcck und tiefste Krise stets nach beieinandergelegen haben sollen. Nicht ohne Grund scheint Tetzlaff mit geschlossenen Augen zu spielen, was der Konzentration dienen mag, aber eben auch den Eindruck hinterl\u00e4sst, als wolle er im oder hinter dem Werk verschwinden.<\/em><\/p>\n<p><em>H\u00f6rbar ist auch seine Erfahrung in der zeitgen\u00f6ssischen Musik, in der ungeheuren Vielfalt der Ausdrucksfarben, die auch die Feinabstufung fahler oder harscher Abt\u00f6nungen mit einschlie\u00dft. Nur so werden das v\u00f6llige Absinken und rasante Wiederaufladen der (Lebens-)Energien so plastisch erlebbar, in das die euphorischen, wild entfesselten oder schmerzvollen Phasen hier immer wieder m\u00fcnden \u2013 f\u00fcr den Ausdruck existenzieller Gef\u00e4hrdung unabdingbar.<\/em><\/p>\n<p><em>Kein Ton bleibt bei Tetzlaff blo\u00df virtuose Geste. Rasende L\u00e4ufe, haarige Doppelgriffpassagen, wuseliges Akkordwerk, das Spiel in den hohen Lagen bis ins Flageolett: Alles \u00fcberf\u00fchrt dieser gro\u00dfartige Gestalter in die Logik der Gef\u00fchle, in ihre Sprache. [&#8230;]<\/em><\/p>\n<p>Stuttgarter Nachrichten, 22. November 2022, Verena Grosskreutz<\/p>\n<\/div><\/div><div class=\"fusion-clearfix\"><\/div><\/article>\n<article id=\"blog-1-post-3255\" class=\"fusion-post-large post-3255 post type-post status-publish format-standard hentry category-konzert-kritiken-de category-presse\">\n<div class=\"fusion-post-content post-content\"><h2 class=\"blog-shortcode-post-title entry-title\">LPO\/Canellakis review \u2014 conductor and orchestra have explosive chemistry<\/h2><div class=\"fusion-post-content-container\"><p><em>[&#8230;] In Shostakovich\u2019s sombre Violin Concerto No 2, Canellakis took her cue from the taut, urgent playing of Christian Tetzlaff, delivering a relentless solo part with impressive discipline and sober focus. [&#8230;]<\/em><\/p>\n<p>The Times, January 20, 2022, Neil Fisher<\/p>\n<\/div><\/div><div class=\"fusion-clearfix\"><\/div><\/article>\n<article id=\"blog-1-post-3247\" class=\"fusion-post-large post-3247 post type-post status-publish format-standard hentry category-konzert-kritiken-de category-presse\">\n<div class=\"fusion-post-content post-content\"><h2 class=\"blog-shortcode-post-title entry-title\">LPO\/Canellakis at the Royal Festival Hall review: An excellent team in the making<\/h2><div class=\"fusion-post-content-container\"><p><em>[&#8230;] It\u2019s hard to imagine a more capable soloist in Shostakovich\u2019s Second Violin Concerto than Christian Tetzlaff, although \u201ccapable\u201d barely scratches the surface of his virtuosity. [\u2026] Tetzlaff caught every nuance, his tone now dark and mournful, now lyrical or rough and abrasive. [&#8230;]<\/em><\/p>\n<p>Evening Standard, January 20, 2022, by Nick Kimberley<\/p>\n<\/div><\/div><div class=\"fusion-clearfix\"><\/div><\/article>\n<article id=\"blog-1-post-3236\" class=\"fusion-post-large post-3236 post type-post status-publish format-standard hentry category-konzert-kritiken-de category-presse\">\n<div class=\"fusion-post-content post-content\"><h2 class=\"blog-shortcode-post-title entry-title\">Ein Echo des 19. Jahrhunderts<\/h2><div class=\"fusion-post-content-container\"><p>[&#8230;]\u00a0Christian Tetzlaff ist kein Neuling und b\u00fchnenscheu ist er auch nicht. Und doch gibt es etwas an ihm, das nicht aufh\u00f6rt zu faszinieren. Wenn er Anton\u00edn Dvo\u0159\u00e1ks Violinkonzert spielt, kommt man dem R\u00e4tsel etwas\u00a0n\u00e4her. [&#8230;] Bei alldem kommt es Tetzlaff nicht auf den gro\u00dfen Ton an oder die Ausstellung seiner Virtuosit\u00e4t. Die versteht sich von selbst. Nein, er m\u00f6chte die Sache einfach auf den Punkt bringen. Das Konzerthausorchester Berlin unter Christoph Eschenbach ist da in der Isarphilharmonie ein kongenialer Partner. Doch am deutlichsten wird dieser Ansatz, wenn Tetzlaff ganz alleine spielt. In der Loure aus Bachs E-Dur-Partita geht er dynamisch ans Extrem &#8211; leiser geht es kaum. Doch ein gebanntes Konzertpublikum h\u00e4ngt an jeder Note. Frei nach Rilke: Dieser Geiger hat uns in der\u00a0Hand.<\/p>\n<p>S\u00fcddeutsche Zeitung, 08. November 2021, Paul Sch\u00e4ufele, M\u00fcnchen<\/p>\n<\/div><\/div><div class=\"fusion-clearfix\"><\/div><\/article>\n<\/div><div class=\"pagination clearfix\"><span class=\"current\">1<\/span><a href=\"https:\/\/christian-tetzlaff.de\/en\/wp-json\/wp\/v2\/pages\/3353\/page\/2\/\" class=\"inactive\">2<\/a><a class=\"pagination-next\" rel=\"next\" href=\"https:\/\/christian-tetzlaff.de\/en\/wp-json\/wp\/v2\/pages\/3353\/page\/2\/\"><span class=\"page-text\">Next<\/span><span class=\"page-next\"><\/span><\/a><\/div><div class=\"fusion-clearfix\"><\/div><\/div><\/div><\/div><\/div><\/div>\n","protected":false},"excerpt":{"rendered":"","protected":false},"author":1,"featured_media":288,"parent":0,"menu_order":0,"comment_status":"closed","ping_status":"closed","template":"","meta":{"_FSMCFIC_featured_image_caption":"","_FSMCFIC_featured_image_nocaption":"","_FSMCFIC_featured_image_hide":"","footnotes":""},"class_list":["post-3353","page","type-page","status-publish","has-post-thumbnail","hentry"],"yoast_head":"<!-- This site is optimized with the Yoast SEO plugin v25.6 - https:\/\/yoast.com\/wordpress\/plugins\/seo\/ -->\n<title>Press - Christian Tetzlaff<\/title>\n<meta name=\"robots\" content=\"index, follow, max-snippet:-1, max-image-preview:large, max-video-preview:-1\" \/>\n<link rel=\"canonical\" href=\"https:\/\/christian-tetzlaff.de\/en\/press\/\" \/>\n<meta property=\"og:locale\" content=\"en_US\" \/>\n<meta property=\"og:type\" content=\"article\" \/>\n<meta property=\"og:title\" content=\"Press - Christian Tetzlaff\" \/>\n<meta property=\"og:url\" content=\"https:\/\/christian-tetzlaff.de\/en\/press\/\" \/>\n<meta property=\"og:site_name\" content=\"Christian Tetzlaff\" \/>\n<meta property=\"article:modified_time\" content=\"2023-05-11T13:20:12+00:00\" \/>\n<meta property=\"og:image\" content=\"https:\/\/christian-tetzlaff.de\/wp-content\/uploads\/2023\/04\/titlepresseneu.jpg\" \/>\n\t<meta property=\"og:image:width\" content=\"1800\" \/>\n\t<meta property=\"og:image:height\" content=\"1199\" \/>\n\t<meta property=\"og:image:type\" content=\"image\/jpeg\" \/>\n<meta name=\"twitter:card\" content=\"summary_large_image\" \/>\n<meta name=\"twitter:label1\" content=\"Est. reading time\" \/>\n\t<meta name=\"twitter:data1\" content=\"5 minutes\" \/>\n<script type=\"application\/ld+json\" class=\"yoast-schema-graph\">{\"@context\":\"https:\/\/schema.org\",\"@graph\":[{\"@type\":\"WebPage\",\"@id\":\"https:\/\/christian-tetzlaff.de\/en\/press\/\",\"url\":\"https:\/\/christian-tetzlaff.de\/en\/press\/\",\"name\":\"Press - Christian Tetzlaff\",\"isPartOf\":{\"@id\":\"https:\/\/christian-tetzlaff.de\/en\/#website\"},\"primaryImageOfPage\":{\"@id\":\"https:\/\/christian-tetzlaff.de\/en\/press\/#primaryimage\"},\"image\":{\"@id\":\"https:\/\/christian-tetzlaff.de\/en\/press\/#primaryimage\"},\"thumbnailUrl\":\"https:\/\/christian-tetzlaff.de\/wp-content\/uploads\/2023\/04\/titlepresseneu.jpg\",\"datePublished\":\"2023-04-28T12:16:12+00:00\",\"dateModified\":\"2023-05-11T13:20:12+00:00\",\"breadcrumb\":{\"@id\":\"https:\/\/christian-tetzlaff.de\/en\/press\/#breadcrumb\"},\"inLanguage\":\"en-US\",\"potentialAction\":[{\"@type\":\"ReadAction\",\"target\":[\"https:\/\/christian-tetzlaff.de\/en\/press\/\"]}]},{\"@type\":\"ImageObject\",\"inLanguage\":\"en-US\",\"@id\":\"https:\/\/christian-tetzlaff.de\/en\/press\/#primaryimage\",\"url\":\"https:\/\/christian-tetzlaff.de\/wp-content\/uploads\/2023\/04\/titlepresseneu.jpg\",\"contentUrl\":\"https:\/\/christian-tetzlaff.de\/wp-content\/uploads\/2023\/04\/titlepresseneu.jpg\",\"width\":1800,\"height\":1199,\"caption\":\"Photo: \u00a9 Giorgia Bertazzi\"},{\"@type\":\"BreadcrumbList\",\"@id\":\"https:\/\/christian-tetzlaff.de\/en\/press\/#breadcrumb\",\"itemListElement\":[{\"@type\":\"ListItem\",\"position\":1,\"name\":\"Startseite\",\"item\":\"https:\/\/christian-tetzlaff.de\/en\/\"},{\"@type\":\"ListItem\",\"position\":2,\"name\":\"Press\"}]},{\"@type\":\"WebSite\",\"@id\":\"https:\/\/christian-tetzlaff.de\/en\/#website\",\"url\":\"https:\/\/christian-tetzlaff.de\/en\/\",\"name\":\"Christian Tetzlaff\",\"description\":\"Official Website\",\"alternateName\":\"Christian Tetzlaff\",\"potentialAction\":[{\"@type\":\"SearchAction\",\"target\":{\"@type\":\"EntryPoint\",\"urlTemplate\":\"https:\/\/christian-tetzlaff.de\/en\/?s={search_term_string}\"},\"query-input\":{\"@type\":\"PropertyValueSpecification\",\"valueRequired\":true,\"valueName\":\"search_term_string\"}}],\"inLanguage\":\"en-US\"}]}<\/script>\n<!-- \/ Yoast SEO plugin. -->","yoast_head_json":{"title":"Press - Christian Tetzlaff","robots":{"index":"index","follow":"follow","max-snippet":"max-snippet:-1","max-image-preview":"max-image-preview:large","max-video-preview":"max-video-preview:-1"},"canonical":"https:\/\/christian-tetzlaff.de\/en\/press\/","og_locale":"en_US","og_type":"article","og_title":"Press - Christian Tetzlaff","og_url":"https:\/\/christian-tetzlaff.de\/en\/press\/","og_site_name":"Christian Tetzlaff","article_modified_time":"2023-05-11T13:20:12+00:00","og_image":[{"width":1800,"height":1199,"url":"https:\/\/christian-tetzlaff.de\/wp-content\/uploads\/2023\/04\/titlepresseneu.jpg","type":"image\/jpeg"}],"twitter_card":"summary_large_image","twitter_misc":{"Est. reading time":"5 minutes"},"schema":{"@context":"https:\/\/schema.org","@graph":[{"@type":"WebPage","@id":"https:\/\/christian-tetzlaff.de\/en\/press\/","url":"https:\/\/christian-tetzlaff.de\/en\/press\/","name":"Press - Christian Tetzlaff","isPartOf":{"@id":"https:\/\/christian-tetzlaff.de\/en\/#website"},"primaryImageOfPage":{"@id":"https:\/\/christian-tetzlaff.de\/en\/press\/#primaryimage"},"image":{"@id":"https:\/\/christian-tetzlaff.de\/en\/press\/#primaryimage"},"thumbnailUrl":"https:\/\/christian-tetzlaff.de\/wp-content\/uploads\/2023\/04\/titlepresseneu.jpg","datePublished":"2023-04-28T12:16:12+00:00","dateModified":"2023-05-11T13:20:12+00:00","breadcrumb":{"@id":"https:\/\/christian-tetzlaff.de\/en\/press\/#breadcrumb"},"inLanguage":"en-US","potentialAction":[{"@type":"ReadAction","target":["https:\/\/christian-tetzlaff.de\/en\/press\/"]}]},{"@type":"ImageObject","inLanguage":"en-US","@id":"https:\/\/christian-tetzlaff.de\/en\/press\/#primaryimage","url":"https:\/\/christian-tetzlaff.de\/wp-content\/uploads\/2023\/04\/titlepresseneu.jpg","contentUrl":"https:\/\/christian-tetzlaff.de\/wp-content\/uploads\/2023\/04\/titlepresseneu.jpg","width":1800,"height":1199,"caption":"Photo: \u00a9 Giorgia Bertazzi"},{"@type":"BreadcrumbList","@id":"https:\/\/christian-tetzlaff.de\/en\/press\/#breadcrumb","itemListElement":[{"@type":"ListItem","position":1,"name":"Startseite","item":"https:\/\/christian-tetzlaff.de\/en\/"},{"@type":"ListItem","position":2,"name":"Press"}]},{"@type":"WebSite","@id":"https:\/\/christian-tetzlaff.de\/en\/#website","url":"https:\/\/christian-tetzlaff.de\/en\/","name":"Christian Tetzlaff","description":"Official Website","alternateName":"Christian Tetzlaff","potentialAction":[{"@type":"SearchAction","target":{"@type":"EntryPoint","urlTemplate":"https:\/\/christian-tetzlaff.de\/en\/?s={search_term_string}"},"query-input":{"@type":"PropertyValueSpecification","valueRequired":true,"valueName":"search_term_string"}}],"inLanguage":"en-US"}]}},"_links":{"self":[{"href":"https:\/\/christian-tetzlaff.de\/en\/wp-json\/wp\/v2\/pages\/3353","targetHints":{"allow":["GET"]}}],"collection":[{"href":"https:\/\/christian-tetzlaff.de\/en\/wp-json\/wp\/v2\/pages"}],"about":[{"href":"https:\/\/christian-tetzlaff.de\/en\/wp-json\/wp\/v2\/types\/page"}],"author":[{"embeddable":true,"href":"https:\/\/christian-tetzlaff.de\/en\/wp-json\/wp\/v2\/users\/1"}],"replies":[{"embeddable":true,"href":"https:\/\/christian-tetzlaff.de\/en\/wp-json\/wp\/v2\/comments?post=3353"}],"version-history":[{"count":2,"href":"https:\/\/christian-tetzlaff.de\/en\/wp-json\/wp\/v2\/pages\/3353\/revisions"}],"predecessor-version":[{"id":3355,"href":"https:\/\/christian-tetzlaff.de\/en\/wp-json\/wp\/v2\/pages\/3353\/revisions\/3355"}],"wp:featuredmedia":[{"embeddable":true,"href":"https:\/\/christian-tetzlaff.de\/en\/wp-json\/wp\/v2\/media\/288"}],"wp:attachment":[{"href":"https:\/\/christian-tetzlaff.de\/en\/wp-json\/wp\/v2\/media?parent=3353"}],"curies":[{"name":"wp","href":"https:\/\/api.w.org\/{rel}","templated":true}]}}